{"id":5236,"date":"2015-10-08T06:32:25","date_gmt":"2015-10-08T06:32:25","guid":{"rendered":"http:\/\/insfri.com\/wordpress\/?page_id=5236"},"modified":"2015-11-12T15:23:14","modified_gmt":"2015-11-12T15:23:14","slug":"a-propos-dinsfri","status":"publish","type":"page","link":"https:\/\/www.insfri.com\/fr\/a-propos-dinsfri\/","title":{"rendered":"\u00c0 propos d\u2019INSFRI"},"content":{"rendered":"<section class=\"wpb-content-wrapper\">[vc_row full_width=\u00a0\u00bb\u00a0\u00bb parallax_image=\u00a0\u00bb\u00a0\u00bb visibility=\u00a0\u00bb\u00a0\u00bb css_animation=\u00a0\u00bb\u00a0\u00bb center_row=\u00a0\u00bb\u00a0\u00bb typography_style=\u00a0\u00bb\u00a0\u00bb column_spacing=\u00a0\u00bb\u00a0\u00bb tablet_fullwidth_cols=\u00a0\u00bb\u00a0\u00bb bg_style=\u00a0\u00bb\u00a0\u00bb parallax=\u00a0\u00bb\u00a0\u00bb parallax_mobile=\u00a0\u00bb\u00a0\u00bb parallax_style=\u00a0\u00bb\u00a0\u00bb parallax_direction=\u00a0\u00bb\u00a0\u00bb video_bg=\u00a0\u00bb\u00a0\u00bb video_bg_overlay=\u00a0\u00bb\u00a0\u00bb border_style=\u00a0\u00bb\u00a0\u00bb][vc_column width=\u00a0\u00bb1\/1&Prime; style=\u00a0\u00bb\u00a0\u00bb visibility=\u00a0\u00bb\u00a0\u00bb css_animation=\u00a0\u00bb\u00a0\u00bb typo_style=\u00a0\u00bb\u00a0\u00bb drop_shadow=\u00a0\u00bb\u00a0\u00bb bg_style=\u00a0\u00bb\u00a0\u00bb border_style=\u00a0\u00bb\u00a0\u00bb][vc_single_image image=\u00a0\u00bb4740&Prime; alignment=\u00a0\u00bb\u00a0\u00bb style=\u00a0\u00bbvc_box_outline\u00a0\u00bb border_color=\u00a0\u00bbgrey\u00a0\u00bb img_link_large=\u00a0\u00bb\u00a0\u00bb img_link_target=\u00a0\u00bb_self\u00a0\u00bb css_animation=\u00a0\u00bb\u00a0\u00bb img_hover=\u00a0\u00bb\u00a0\u00bb img_filter=\u00a0\u00bb\u00a0\u00bb rounded_image=\u00a0\u00bb\u00a0\u00bb lightbox_iframe_type=\u00a0\u00bb\u00a0\u00bb][\/vc_column][\/vc_row][vc_row full_width=\u00a0\u00bb\u00a0\u00bb parallax_image=\u00a0\u00bb\u00a0\u00bb visibility=\u00a0\u00bb\u00a0\u00bb css_animation=\u00a0\u00bb\u00a0\u00bb center_row=\u00a0\u00bb\u00a0\u00bb typography_style=\u00a0\u00bb\u00a0\u00bb column_spacing=\u00a0\u00bb\u00a0\u00bb tablet_fullwidth_cols=\u00a0\u00bb\u00a0\u00bb bg_style=\u00a0\u00bbstretch\u00a0\u00bb parallax=\u00a0\u00bb\u00a0\u00bb parallax_mobile=\u00a0\u00bb\u00a0\u00bb parallax_style=\u00a0\u00bb\u00a0\u00bb parallax_direction=\u00a0\u00bb\u00a0\u00bb video_bg=\u00a0\u00bb\u00a0\u00bb video_bg_overlay=\u00a0\u00bb\u00a0\u00bb border_style=\u00a0\u00bbsolid\u00a0\u00bb margin_top=\u00a0\u00bb45px\u00a0\u00bb][vc_column width=\u00a0\u00bb1\/1&Prime; style=\u00a0\u00bb\u00a0\u00bb visibility=\u00a0\u00bb\u00a0\u00bb css_animation=\u00a0\u00bb\u00a0\u00bb typo_style=\u00a0\u00bb\u00a0\u00bb drop_shadow=\u00a0\u00bb\u00a0\u00bb bg_style=\u00a0\u00bb\u00a0\u00bb border_style=\u00a0\u00bb\u00a0\u00bb][vc_tour interval=\u00a0\u00bb0&Prime; style=\u00a0\u00bbalternative-one\u00a0\u00bb][vc_tab title=\u00a0\u00bbQui sommes-nous\u00a0\u00bb tab_id=\u00a0\u00bb1386262353-1-65&Prime;][vc_column_text]<span style=\"color: #000080;\"><strong><img decoding=\"async\" loading=\"lazy\" class=\" wp-image-4750 aligncenter\" src=\"http:\/\/insfri.com\/wp-content\/uploads\/2015\/06\/logo-insfri-300x154.png\" alt=\"\" width=\"253\" height=\"130\" srcset=\"https:\/\/www.insfri.com\/wp-content\/uploads\/2015\/06\/logo-insfri-300x154.png 300w, https:\/\/www.insfri.com\/wp-content\/uploads\/2015\/06\/logo-insfri.png 600w\" sizes=\"(max-width: 253px) 100vw, 253px\" \/><\/strong><\/span><\/p>\n<p><span style=\"color: #000080;\"><strong>INSFRI<\/strong><\/span><strong>, <\/strong>sp\u00e9cialis\u00e9e dans le design et la fabrication d\u2019\u00e9vaporateurs et condenseurs pour le Froid Industriel et Commercial, a une large gamme de <span style=\"color: #2b2b2b;\"><strong>produits standard<\/strong><\/span> et <span style=\"color: #2b2b2b;\"><strong>sp\u00e9ciale sur mesure<\/strong><\/span>, adapt\u00e9e aux besoins de chaque projet.<\/p>\n<p>Depuis sa cr\u00e9ation en 1966, visant \u00e0 la fabrication d\u2019un produit de haute qualit\u00e9, est situ\u00e9e comme <span style=\"color: #2b2b2b;\"><strong>r\u00e9f\u00e9rent<\/strong> <strong>dans le secteur<\/strong><\/span> en offrant des <span style=\"color: #2b2b2b;\"><strong>solutions rentables<\/strong><\/span> pour les professionnels de la R\u00e9frig\u00e9ration.[\/vc_column_text][\/vc_tab][vc_tab title=\u00a0\u00bbHistoire\u00a0\u00bb tab_id=\u00a0\u00bb1386262353-2-62&Prime;][vc_column_text css_animation=\u00a0\u00bb\u00a0\u00bb]Apr\u00e8s une vaste exp\u00e9rience dans le monde du refroidissement, une entreprise familiale est fond\u00e9e en 1966, <span style=\"color: #000080;\"><strong>INSFRI<\/strong><\/span>, orient\u00e9e, depuis sa cr\u00e9ation, \u00e0 la fabrication d&rsquo;\u00e9vaporateurs et condenseurs de la plus haute qualit\u00e9.<\/p>\n<p>Dans les ann\u00e9es 90 un changement significatif est produit dans la soci\u00e9t\u00e9, avec l&rsquo;expansion de ses installations, vers une conception et une fabrication de produits exclusifs adapt\u00e9s \u00e0 leurs clients.<\/p>\n<p>Au cours de la derni\u00e8re d\u00e9cennie <strong><span style=\"color: #000080;\">INSFRI<\/span> <\/strong>a fait d&rsquo;importants investissements dans l&rsquo;innovation, les machines de derni\u00e8re g\u00e9n\u00e9ration et des ressources pour l&rsquo;am\u00e9lioration des processus et des services.<\/p>\n<p>C&rsquo;est ainsi qu&rsquo;<span style=\"color: #000080;\"><strong>INSFRI<\/strong><\/span> devient r\u00e9f\u00e9rent dans la fabrication d\u2019<span style=\"color: #2b2b2b;\"><strong>\u00c9vaporateurs<\/strong><\/span> et <span style=\"color: #2b2b2b;\"><strong>Condenseurs<\/strong> <\/span>sur mesure, en offrant solutions rentables \u00e0 les professionnels du secteur de la R\u00e9frig\u00e9ration.<\/p>\n[\/vc_column_text][\/vc_tab][vc_tab title=\u00a0\u00bbNotre Mission\u00a0\u00bb tab_id=\u00a0\u00bb1435486225649-9-0&Prime;][vc_column_text css_animation=\u00a0\u00bb\u00a0\u00bb]\n<p style=\"text-align: justify;\">Notre objectif est d\u2019offrir des <span style=\"color: #2b2b2b;\"><strong>solutions<\/strong> <\/span>pour r\u00e9pondre aux besoins r\u00e9els des professionnels dans le domaine de la <span style=\"color: #2b2b2b;\"><strong>R\u00e9frig\u00e9ration<\/strong> I<strong>ndustrielle<\/strong><\/span> et <span style=\"color: #2b2b2b;\"><strong>Commerciale<\/strong> <\/span>avec le maximum vitesse et efficience.<\/p>\n<p style=\"text-align: justify;\">Pour cela, dans<span style=\"color: #000080;\"><strong>\u00a0INSFRI<\/strong>\u00a0<\/span>nous avons:<\/p>\n[\/vc_column_text][vcex_list_item visibility=\u00a0\u00bb\u00a0\u00bb css_animation=\u00a0\u00bb\u00a0\u00bb text_align=\u00a0\u00bb\u00a0\u00bb icon_type=\u00a0\u00bbfontawesome\u00a0\u00bb icon=\u00a0\u00bbfa fa-check-square\u00a0\u00bb color=\u00a0\u00bb#1e73be\u00a0\u00bb css=\u00a0\u00bb.vc_custom_1444287011994{padding-left: 25px !important;}\u00a0\u00bb icon_size=\u00a0\u00bb18&Prime; margin_right=\u00a0\u00bb25&Prime;]\n<p>Une \u00e9quipe sp\u00e9cialis\u00e9e, orient\u00e9e vers la conception et la fabrication de produits, offrant la meilleure solution, avec la mission d&rsquo;assurer la qualit\u00e9 des services et des produits.<\/p>\n[\/vcex_list_item][vc_empty_space height=\u00a0\u00bb16px\u00a0\u00bb][vcex_list_item visibility=\u00a0\u00bb\u00a0\u00bb css_animation=\u00a0\u00bb\u00a0\u00bb text_align=\u00a0\u00bb\u00a0\u00bb icon_type=\u00a0\u00bbfontawesome\u00a0\u00bb icon=\u00a0\u00bbfa fa-check-square\u00a0\u00bb color=\u00a0\u00bb#1e73be\u00a0\u00bb margin_right=\u00a0\u00bb25&Prime; icon_size=\u00a0\u00bb18&Prime; css=\u00a0\u00bb.vc_custom_1444287027310{padding-left: 25px !important;}\u00a0\u00bb]\n<p>Une grande capacit\u00e9 de production, gr\u00e2ce \u00e0 qui nous pouvons offrir une livraison rapide.<\/p>\n[\/vcex_list_item][vc_empty_space height=\u00a0\u00bb16px\u00a0\u00bb][vcex_list_item visibility=\u00a0\u00bb\u00a0\u00bb css_animation=\u00a0\u00bb\u00a0\u00bb text_align=\u00a0\u00bb\u00a0\u00bb icon_type=\u00a0\u00bbfontawesome\u00a0\u00bb icon=\u00a0\u00bbfa fa-check-square\u00a0\u00bb color=\u00a0\u00bb#1e73be\u00a0\u00bb margin_right=\u00a0\u00bb25&Prime; icon_size=\u00a0\u00bb18&Prime; css=\u00a0\u00bb.vc_custom_1444286996278{padding-left: 25px !important;}\u00a0\u00bb]\n<p>L&rsquo;engagement: qualit\u00e9, efficacit\u00e9, s\u00e9curit\u00e9 et am\u00e9lioration constante pour r\u00e9pondre aux besoins actuels et futurs de nos partenaires.<\/p>\n[\/vcex_list_item][vc_empty_space height=\u00a0\u00bb16px\u00a0\u00bb][vcex_list_item visibility=\u00a0\u00bb\u00a0\u00bb css_animation=\u00a0\u00bb\u00a0\u00bb text_align=\u00a0\u00bb\u00a0\u00bb icon_type=\u00a0\u00bbfontawesome\u00a0\u00bb icon=\u00a0\u00bbfa fa-check-square\u00a0\u00bb color=\u00a0\u00bb#1e73be\u00a0\u00bb margin_right=\u00a0\u00bb25&Prime; icon_size=\u00a0\u00bb18&Prime; css=\u00a0\u00bb.vc_custom_1444286981386{padding-left: 25px !important;}\u00a0\u00bb]\n<p>Une grande et moderne usine de production et de stockage \u00e0 Montcada i Reixac (Barcelone), qui assure l&rsquo;approvisionnement en mati\u00e8res premi\u00e8res, accessoires et pi\u00e8ces d\u00e9tach\u00e9es de tous nos produits, et la livraison des commandes en toute vitesse.<\/p>\n[\/vcex_list_item][vc_empty_space height=\u00a0\u00bb16px\u00a0\u00bb][vcex_list_item visibility=\u00a0\u00bb\u00a0\u00bb css_animation=\u00a0\u00bb\u00a0\u00bb text_align=\u00a0\u00bb\u00a0\u00bb icon_type=\u00a0\u00bbfontawesome\u00a0\u00bb icon=\u00a0\u00bbfa fa-check-square\u00a0\u00bb color=\u00a0\u00bb#1e73be\u00a0\u00bb margin_right=\u00a0\u00bb25&Prime; icon_size=\u00a0\u00bb18&Prime; css=\u00a0\u00bb.vc_custom_1444286966000{padding-left: 25px !important;}\u00a0\u00bb]\n<p>La machine de fabrication et l\u2019\u00e9quipement le plus moderne et avanc\u00e9, ce qui permet d\u2019obtenir une haute qualit\u00e9 et performance \u00e0 un prix comp\u00e9titif.<\/p>\n[\/vcex_list_item][vc_empty_space height=\u00a0\u00bb16px\u00a0\u00bb][vcex_list_item visibility=\u00a0\u00bb\u00a0\u00bb css_animation=\u00a0\u00bb\u00a0\u00bb text_align=\u00a0\u00bb\u00a0\u00bb icon_type=\u00a0\u00bbfontawesome\u00a0\u00bb icon=\u00a0\u00bbfa fa-check-square\u00a0\u00bb color=\u00a0\u00bb#1e73be\u00a0\u00bb margin_right=\u00a0\u00bb25&Prime; icon_size=\u00a0\u00bb18&Prime; css=\u00a0\u00bb.vc_custom_1444286953213{padding-left: 25px !important;}\u00a0\u00bb]\n<p>L\u2019exp\u00e9rience: la fabrication de produits standards et sur mesure, personnalis\u00e9s, adapt\u00e9s aux besoins de chaque client, depuis 1966, sont notre plus grand garantie comme entreprise sp\u00e9cialis\u00e9e dans la r\u00e9frig\u00e9ration industrielle et commercial.<\/p>\n[\/vcex_list_item][vc_empty_space height=\u00a0\u00bb16px\u00a0\u00bb][vcex_list_item visibility=\u00a0\u00bb\u00a0\u00bb css_animation=\u00a0\u00bb\u00a0\u00bb text_align=\u00a0\u00bb\u00a0\u00bb icon_type=\u00a0\u00bbfontawesome\u00a0\u00bb icon=\u00a0\u00bbfa fa-check-square\u00a0\u00bb color=\u00a0\u00bb#1e73be\u00a0\u00bb margin_right=\u00a0\u00bb25&Prime; icon_size=\u00a0\u00bb18&Prime; css=\u00a0\u00bb.vc_custom_1444286910547{padding-left: 25px !important;}\u00a0\u00bb]\n<p>Certification OTAN-NOC. Sur demande, il est disponible quelque certification (Bureau Veritas Marine Division, Lloyds, etc) .<\/p>\n[\/vcex_list_item][vc_empty_space height=\u00a0\u00bb16px\u00a0\u00bb][vcex_list_item visibility=\u00a0\u00bb\u00a0\u00bb css_animation=\u00a0\u00bb\u00a0\u00bb text_align=\u00a0\u00bb\u00a0\u00bb icon_type=\u00a0\u00bbfontawesome\u00a0\u00bb icon=\u00a0\u00bbfa fa-check-square\u00a0\u00bb color=\u00a0\u00bb#1e73be\u00a0\u00bb margin_right=\u00a0\u00bb25&Prime; icon_size=\u00a0\u00bb18&Prime; css=\u00a0\u00bb.vc_custom_1444286937173{padding-left: 25px !important;}\u00a0\u00bb]\n<p>Las relations avec l\u2019universit\u00e9, associations, ing\u00e9nieries et la participation dans des foires dans le monde entier nous permet de partager l&rsquo;expertise et \u00eatre \u00e0 la pointe de l&rsquo;innovation.<\/p>\n[\/vcex_list_item][\/vc_tab][vc_tab title=\u00a0\u00bbFabrication Sp\u00e9ciale\u00a0\u00bb tab_id=\u00a0\u00bb1386262447250-3-8&Prime;][vc_column_text]\n<div class=\"row\">\n<div class=\"col-md-12\">\n<p style=\"text-align: justify;\">Sp\u00e9cialis\u00e9 dans la\u00a0<strong><span style=\"color: #2b2b2b;\">r\u00e9frig\u00e9ration industrielle<\/span> et <span style=\"color: #2b2b2b;\">commerciale<\/span><\/strong><strong>,<\/strong>\u00a0<span style=\"color: #000080;\"><strong>INSFRI<\/strong>\u00a0<\/span>offre des\u00a0<span style=\"color: #2b2b2b;\"><strong>services techniques<\/strong><\/span>\u00a0et de <span style=\"color: #2b2b2b;\"><strong>calcul<\/strong><\/span>, ce qui r\u00e9sout les <span style=\"color: #2b2b2b;\"><strong>probl\u00e8mes d&rsquo;espace<\/strong><\/span> ou de <strong>singularit\u00e9s<\/strong> que pr\u00e9sentent certains enceintes, en \u00e9tudiant et concevant\u00a0<span style=\"color: #2b2b2b;\"><strong>des \u00e9vaporateurs et des condenseurs sur mesure<\/strong><\/span>, selon des besoins de r\u00e9frig\u00e9ration n\u00e9cessaires. Conseille avec un traitement direct et personnel.<\/p>\n<p style=\"text-align: justify;\"><span style=\"color: #000080;\"><strong>INSFRI\u00a0<\/strong><\/span><img decoding=\"async\" loading=\"lazy\" class=\" wp-image-4758 alignleft\" src=\"http:\/\/insfri.com\/wp-content\/uploads\/2014\/01\/calculos4-300x269.png\" alt=\"calculos4\" width=\"180\" height=\"161\" srcset=\"https:\/\/www.insfri.com\/wp-content\/uploads\/2014\/01\/calculos4-300x269.png 300w, https:\/\/www.insfri.com\/wp-content\/uploads\/2014\/01\/calculos4.png 402w\" sizes=\"(max-width: 180px) 100vw, 180px\" \/>con\u00e7oit et fabrique des \u00e9vaporateurs sp\u00e9ciaux, destin\u00e9s \u00e0 <span style=\"color: #2b2b2b;\"><strong>tous les types d&rsquo;installations<\/strong><\/span> (s\u00e9chage, salles de d\u00e9coupe, laboratoires, tunnels de refroidissement rapide, chambres de maturation des bananes, secteur navale, etc) et avec <span style=\"color: #2b2b2b;\"><strong>toutes sortes de particularit\u00e9s<\/strong><\/span> (entre autres : carrosserie en acier inoxydable, \u00e9vaporateurs amovibles, ventilateurs avec moteur certifi\u00e9 ATEX anti-explosion, des \u00e9vaporateurs pour l\u2019eau glycol, \u00e9vaporateurs avec seulement des tubes en cuivre &#8211; d\u00e9tente directe \u2013 pour le refroidissement des r\u00e9servoirs d&rsquo;eau ou de glycol, etc).<\/p>\n<\/div>\n<\/div>\n<div class=\"row\"><\/div>\n[\/vc_column_text][vcex_spacing size=\u00a0\u00bb30px\u00a0\u00bb visibility=\u00a0\u00bb\u00a0\u00bb][vc_btn title=\u00a0\u00bbSi vous voulez en savoir plus sur comment nous travaillons, Cliquez-ici.\u00a0\u00bb style=\u00a0\u00bboutline\u00a0\u00bb shape=\u00a0\u00bbrounded\u00a0\u00bb color=\u00a0\u00bbprimary\u00a0\u00bb size=\u00a0\u00bbmd\u00a0\u00bb align=\u00a0\u00bbcenter\u00a0\u00bb i_align=\u00a0\u00bbright\u00a0\u00bb i_type=\u00a0\u00bbfontawesome\u00a0\u00bb i_icon_fontawesome=\u00a0\u00bbfa fa-angle-double-right\u00a0\u00bb i_icon_openiconic=\u00a0\u00bbvc-oi vc-oi-dial\u00a0\u00bb i_icon_typicons=\u00a0\u00bbtypcn typcn-adjust-brightness\u00a0\u00bb i_icon_entypo=\u00a0\u00bbentypo-icon entypo-icon-note\u00a0\u00bb i_icon_linecons=\u00a0\u00bbvc_li vc_li-heart\u00a0\u00bb button_block=\u00a0\u00bb\u00a0\u00bb add_icon=\u00a0\u00bbtrue\u00a0\u00bb i_icon_pixelicons=\u00a0\u00bbvc_pixel_icon vc_pixel_icon-alert\u00a0\u00bb link=\u00a0\u00bburl:http%3A%2F%2Fwww.insfri.com%2Ffr%2Ffabrication-speciale%2F||\u00a0\u00bb][\/vc_tab][vc_tab title=\u00a0\u00bbProduits\u00a0\u00bb tab_id=\u00a0\u00bb1386262448026-4-4&Prime;][vc_column_text css_animation=\u00a0\u00bb\u00a0\u00bb]\n<p style=\"text-align: justify;\"><span style=\"color: #000080;\"><strong>INSFRI<\/strong> <\/span>dispose d\u2019une large gamme d\u2019<span style=\"color: #2b2b2b;\"><strong>Evaporateurs<\/strong><\/span>, des <span style=\"color: #2b2b2b;\"><strong>Condenseurs<\/strong> <\/span>et d\u2019<span style=\"color: #2b2b2b;\"><strong>\u00c9changeurs thermiques<\/strong><\/span> \u00a0pour R\u00e9frig\u00e9ration Industrielle et Commerciale qui s\u2019adapte aux besoins de chaque projet.<\/p>\n[\/vc_column_text][vcex_spacing size=\u00a0\u00bb30px\u00a0\u00bb visibility=\u00a0\u00bb\u00a0\u00bb][vc_toggle title=\u00a0\u00bb\u00c9vaporateurs\u00a0\u00bb style=\u00a0\u00bbround_outline\u00a0\u00bb color=\u00a0\u00bbblue\u00a0\u00bb size=\u00a0\u00bblg\u00a0\u00bb open=\u00a0\u00bbfalse\u00a0\u00bb css_animation=\u00a0\u00bb\u00a0\u00bb el_id=\u00a0\u00bb1438713070590-86f0b35a-d1cb\u00a0\u00bb]\n<div class=\"wpb_text_column wpb_content_element \">\n<div class=\"wpb_wrapper\">\n<p>Nous avons une <strong><span style=\"color: #2b2b2b;\">large gamme<\/span><\/strong> d\u2019 \u00c9vaporateurs Industriels de haute qualit\u00e9 pour <strong><span style=\"color: #2b2b2b;\">tout type d\u2019installation<\/span><\/strong>:<\/p>\n<\/div>\n<\/div>\n[vcex_portfolio_grid grid_style=\u00a0\u00bbfit_columns\u00a0\u00bb columns=\u00a0\u00bb3&Prime; posts_per_page=\u00a0\u00bb-1&Prime; img_size=\u00a0\u00bbwpex_custom\u00a0\u00bb img_crop=\u00a0\u00bbcenter-center\u00a0\u00bb excerpt=\u00a0\u00bbfalse\u00a0\u00bb excerpt_length=\u00a0\u00bb30&Prime; read_more=\u00a0\u00bbfalse\u00a0\u00bb content_heading_size=\u00a0\u00bb12&Prime; exclude_categories=\u00a0\u00bb63, 60, 62&Prime;][\/vc_toggle][vc_toggle title=\u00a0\u00bbCondenseurs\u00a0\u00bb style=\u00a0\u00bbround_outline\u00a0\u00bb color=\u00a0\u00bbblue\u00a0\u00bb size=\u00a0\u00bblg\u00a0\u00bb open=\u00a0\u00bbfalse\u00a0\u00bb el_id=\u00a0\u00bb1438713456389-673652ad-f0bb\u00a0\u00bb]\n<p style=\"text-align: justify;\">Large eventail\u00a0de condenseurs de <span style=\"color: #2b2b2b;\"><strong>haute qualit\u00e9<\/strong><\/span>:<\/p>\n<ul style=\"text-align: justify;\">\n<li>Condenseurs d\u2019 air h\u00e9lico\u00efdaux (CDA)<br \/>\n<img decoding=\"async\" loading=\"lazy\" class=\" wp-image-5135 alignright\" src=\"http:\/\/insfri.com\/wp-content\/uploads\/2014\/01\/insfri-condensadores-300x179.png\" alt=\"insfri-condensadores\" width=\"200\" height=\"119\" srcset=\"https:\/\/www.insfri.com\/wp-content\/uploads\/2014\/01\/insfri-condensadores-300x179.png 300w, https:\/\/www.insfri.com\/wp-content\/uploads\/2014\/01\/insfri-condensadores.png 613w\" sizes=\"(max-width: 200px) 100vw, 200px\" \/><\/li>\n<li>Condenseurs d\u2019 air centrifuges transmission directe (CCA)<\/li>\n<\/ul>\n<p style=\"text-align: justify;\">[\/vc_toggle][vc_toggle title=\u00a0\u00bb\u00c9vaporateurs Statiques \/ Batteries\u00a0\u00bb style=\u00a0\u00bbround_outline\u00a0\u00bb color=\u00a0\u00bbblue\u00a0\u00bb size=\u00a0\u00bblg\u00a0\u00bb open=\u00a0\u00bbfalse\u00a0\u00bb el_id=\u00a0\u00bb1438717280229-73e17718-dc31&Prime;]Les \u00e9vaporateurs statiques pour chambres froides sont construits avec tube de cuivre de 5\/8\u201d et ailettes d\u2019aluminium, dont les \u00e9paisseurs assurent une grande fixation et rendement. Ils disposent d\u2019ailettes avec collet auto-s\u00e9parateur, pour assurer une bonne transmission. Les plaques lat\u00e9rales d\u2019appui, en aluminium construites pour \u00e9viter l\u2019endommagement des tubes donnent \u00e0 l\u2019ensemble une grande solidit\u00e9. Plateau de collection d\u2019eau optionnel, en aluminium ou acier inoxydable.<\/p>\n<p>Les \u00e9vaporateurs statiques pour vitrines, basse comptoirs de bouteilles, armoires, chambres froides \u2026 sont fabriqu\u00e9s sur demande, avec tube de cuivre de \u00bd\u201d, 5\/8\u201d, et ailettes de aluminium avec un \u00e9cartement des ailettes adapt\u00e9 a chaque application.<\/p>\n<p style=\"text-align: justify;\"><img decoding=\"async\" loading=\"lazy\" class=\"alignleft wp-image-5036\" src=\"http:\/\/insfri.com\/wp-content\/uploads\/2014\/01\/EVAPORADORES-4A-300x200.jpg\" alt=\"EVAPORADORES 4A\" width=\"200\" height=\"133\" srcset=\"https:\/\/www.insfri.com\/wp-content\/uploads\/2014\/01\/EVAPORADORES-4A-300x200.jpg 300w, https:\/\/www.insfri.com\/wp-content\/uploads\/2014\/01\/EVAPORADORES-4A-1024x682.jpg 1024w\" sizes=\"(max-width: 200px) 100vw, 200px\" \/><a href=\"http:\/\/insfri.com\/wp-content\/uploads\/2014\/01\/EVAPORADORES-estaticos.jpg\"><img decoding=\"async\" loading=\"lazy\" class=\"alignright wp-image-5037\" src=\"http:\/\/insfri.com\/wp-content\/uploads\/2014\/01\/EVAPORADORES-estaticos-300x223.jpg\" alt=\"EVAPORADORES estaticos\" width=\"200\" height=\"149\" srcset=\"https:\/\/www.insfri.com\/wp-content\/uploads\/2014\/01\/EVAPORADORES-estaticos-300x223.jpg 300w, https:\/\/www.insfri.com\/wp-content\/uploads\/2014\/01\/EVAPORADORES-estaticos.jpg 684w\" sizes=\"(max-width: 200px) 100vw, 200px\" \/><\/a><\/p>\n[\/vc_toggle][vc_toggle title=\u00a0\u00bbPieces et accessoires\u00a0\u00bb style=\u00a0\u00bbround_outline\u00a0\u00bb color=\u00a0\u00bbblue\u00a0\u00bb size=\u00a0\u00bblg\u00a0\u00bb open=\u00a0\u00bbfalse\u00a0\u00bb el_id=\u00a0\u00bb1438713456499-2ad5e76b-bdc2&Prime;]\n<p style=\"text-align: justify;\">Un <strong>grand stock<\/strong> des produits finis, d\u2019accessoires et pi\u00e8ces de rechange (ventilateurs, r\u00e9sistances, plateaux\u2026) assure une <strong>disponibilit\u00e9 rapide<\/strong> du mat\u00e9riel.<\/p>\n<p style=\"text-align: justify;\"><img decoding=\"async\" loading=\"lazy\" class=\"aligncenter wp-image-5035 size-full\" src=\"http:\/\/insfri.com\/wp-content\/uploads\/2014\/01\/insfri-recambios-2.png\" alt=\"\" width=\"808\" height=\"155\" srcset=\"https:\/\/www.insfri.com\/wp-content\/uploads\/2014\/01\/insfri-recambios-2.png 808w, https:\/\/www.insfri.com\/wp-content\/uploads\/2014\/01\/insfri-recambios-2-300x58.png 300w\" sizes=\"(max-width: 808px) 100vw, 808px\" \/><\/p>\n[\/vc_toggle][\/vc_tab][vc_tab title=\u00a0\u00bbQualit\u00e9 et S\u00e9curit\u00e9\u00a0\u00bb tab_id=\u00a0\u00bb1386262487221-7-0&Prime;][vc_column_text]\n<p style=\"text-align: justify;\">Nos produits sont <span style=\"color: #2b2b2b;\"><strong>garantis par un contr\u00f4le des processus de fabrication<\/strong><\/span>, faisant attention aux d\u00e9tails techniques et de fabrication pour <span style=\"color: #2b2b2b;\"><strong>optimiser le rendement<\/strong><\/span>. Pour cela, nous avons les mati\u00e8res premi\u00e8res et les composants de la plus haute qualit\u00e9.<\/p>\n<p style=\"text-align: justify;\">Tous les \u00e9vaporateurs et les condenseurs <span style=\"color: #000080;\"><strong>INSFRI<\/strong> <\/span>sont en conformit\u00e9 avec les <span style=\"color: #2b2b2b;\"><strong>normes europ\u00e9ennes<\/strong><\/span> qui leur sont applicables (Directive Machines 98\/37\/ CE, basse tension 73\/23\/CE, compatibilit\u00e9 \u00e9lectromagn\u00e9tique 92\/31\/CE et ses modifications ult\u00e9rieures).<\/p>\n<p style=\"text-align: justify;\"><img decoding=\"async\" loading=\"lazy\" class=\" wp-image-4715 alignright\" src=\"http:\/\/insfri.com\/wp-content\/uploads\/2015\/06\/favicon-INSFRI.png\" alt=\"favicon INSFRI\" width=\"179\" height=\"179\" srcset=\"https:\/\/www.insfri.com\/wp-content\/uploads\/2015\/06\/favicon-INSFRI.png 256w, https:\/\/www.insfri.com\/wp-content\/uploads\/2015\/06\/favicon-INSFRI-150x150.png 150w\" sizes=\"(max-width: 179px) 100vw, 179px\" \/><\/p>\n<p style=\"text-align: justify;\"><span style=\"color: #000080;\"><strong>INSFRI<\/strong> <\/span>fait partie du syst\u00e8me de catalogage de l&rsquo;OTAN, par un <span style=\"color: #2b2b2b;\"><strong>num\u00e9ro de catalogue OTAN<\/strong><\/span> (NOC). Sur demande, tout certificat \/ test demand\u00e9 est disponible (Bureau Veritas, Marine Division, Lloyds Register of Shipping, etc).<\/p>\n[\/vc_column_text][\/vc_tab][\/vc_tour][\/vc_column][\/vc_row]\n<\/section>","protected":false},"excerpt":{"rendered":"<p>[vc_row full_width=\u00a0\u00bb\u00a0\u00bb parallax_image=\u00a0\u00bb\u00a0\u00bb visibility=\u00a0\u00bb\u00a0\u00bb css_animation=\u00a0\u00bb\u00a0\u00bb center_row=\u00a0\u00bb\u00a0\u00bb typography_style=\u00a0\u00bb\u00a0\u00bb column_spacing=\u00a0\u00bb\u00a0\u00bb tablet_fullwidth_cols=\u00a0\u00bb\u00a0\u00bb bg_style=\u00a0\u00bb\u00a0\u00bb parallax=\u00a0\u00bb\u00a0\u00bb parallax_mobile=\u00a0\u00bb\u00a0\u00bb parallax_style=\u00a0\u00bb\u00a0\u00bb parallax_direction=\u00a0\u00bb\u00a0\u00bb video_bg=\u00a0\u00bb\u00a0\u00bb video_bg_overlay=\u00a0\u00bb\u00a0\u00bb border_style=\u00a0\u00bb\u00a0\u00bb][vc_column width=\u00a0\u00bb1\/1&Prime; style=\u00a0\u00bb\u00a0\u00bb visibility=\u00a0\u00bb\u00a0\u00bb css_animation=\u00a0\u00bb\u00a0\u00bb typo_style=\u00a0\u00bb\u00a0\u00bb drop_shadow=\u00a0\u00bb\u00a0\u00bb bg_style=\u00a0\u00bb\u00a0\u00bb border_style=\u00a0\u00bb\u00a0\u00bb][vc_single_image image=\u00a0\u00bb4740&Prime; alignment=\u00a0\u00bb\u00a0\u00bb style=\u00a0\u00bbvc_box_outline\u00a0\u00bb border_color=\u00a0\u00bbgrey\u00a0\u00bb img_link_large=\u00a0\u00bb\u00a0\u00bb img_link_target=\u00a0\u00bb_self\u00a0\u00bb css_animation=\u00a0\u00bb\u00a0\u00bb img_hover=\u00a0\u00bb\u00a0\u00bb img_filter=\u00a0\u00bb\u00a0\u00bb rounded_image=\u00a0\u00bb\u00a0\u00bb lightbox_iframe_type=\u00a0\u00bb\u00a0\u00bb][\/vc_column][\/vc_row][vc_row full_width=\u00a0\u00bb\u00a0\u00bb parallax_image=\u00a0\u00bb\u00a0\u00bb visibility=\u00a0\u00bb\u00a0\u00bb css_animation=\u00a0\u00bb\u00a0\u00bb&hellip;<\/p>\n","protected":false},"author":1,"featured_media":0,"parent":0,"menu_order":0,"comment_status":"closed","ping_status":"closed","template":"","meta":[],"yoast_head":"<!-- This site is optimized with the Yoast SEO plugin v20.5 - https:\/\/yoast.com\/wordpress\/plugins\/seo\/ -->\n<title>\u00c0 propos d\u2019INSFRI - Insfri Refrigeraci\u00f3n Industrial<\/title>\n<meta name=\"robots\" content=\"index, follow, max-snippet:-1, max-image-preview:large, max-video-preview:-1\" \/>\n<link rel=\"canonical\" href=\"https:\/\/www.insfri.com\/fr\/a-propos-dinsfri\/\" \/>\n<meta property=\"og:locale\" content=\"fr_FR\" \/>\n<meta property=\"og:type\" content=\"article\" \/>\n<meta property=\"og:title\" content=\"\u00c0 propos d\u2019INSFRI - Insfri Refrigeraci\u00f3n Industrial\" \/>\n<meta property=\"og:description\" content=\"[vc_row full_width=\u00a0\u00bb\u00a0\u00bb parallax_image=\u00a0\u00bb\u00a0\u00bb visibility=\u00a0\u00bb\u00a0\u00bb css_animation=\u00a0\u00bb\u00a0\u00bb center_row=\u00a0\u00bb\u00a0\u00bb typography_style=\u00a0\u00bb\u00a0\u00bb column_spacing=\u00a0\u00bb\u00a0\u00bb tablet_fullwidth_cols=\u00a0\u00bb\u00a0\u00bb bg_style=\u00a0\u00bb\u00a0\u00bb parallax=\u00a0\u00bb\u00a0\u00bb parallax_mobile=\u00a0\u00bb\u00a0\u00bb parallax_style=\u00a0\u00bb\u00a0\u00bb parallax_direction=\u00a0\u00bb\u00a0\u00bb video_bg=\u00a0\u00bb\u00a0\u00bb video_bg_overlay=\u00a0\u00bb\u00a0\u00bb border_style=\u00a0\u00bb\u00a0\u00bb][vc_column width=\u00a0\u00bb1\/1&Prime; style=\u00a0\u00bb\u00a0\u00bb visibility=\u00a0\u00bb\u00a0\u00bb css_animation=\u00a0\u00bb\u00a0\u00bb typo_style=\u00a0\u00bb\u00a0\u00bb drop_shadow=\u00a0\u00bb\u00a0\u00bb bg_style=\u00a0\u00bb\u00a0\u00bb border_style=\u00a0\u00bb\u00a0\u00bb][vc_single_image image=\u00a0\u00bb4740&Prime; alignment=\u00a0\u00bb\u00a0\u00bb style=\u00a0\u00bbvc_box_outline\u00a0\u00bb border_color=\u00a0\u00bbgrey\u00a0\u00bb img_link_large=\u00a0\u00bb\u00a0\u00bb img_link_target=\u00a0\u00bb_self\u00a0\u00bb css_animation=\u00a0\u00bb\u00a0\u00bb img_hover=\u00a0\u00bb\u00a0\u00bb img_filter=\u00a0\u00bb\u00a0\u00bb rounded_image=\u00a0\u00bb\u00a0\u00bb lightbox_iframe_type=\u00a0\u00bb\u00a0\u00bb][\/vc_column][\/vc_row][vc_row full_width=\u00a0\u00bb\u00a0\u00bb parallax_image=\u00a0\u00bb\u00a0\u00bb visibility=\u00a0\u00bb\u00a0\u00bb css_animation=\u00a0\u00bb\u00a0\u00bb&hellip;\" \/>\n<meta property=\"og:url\" content=\"https:\/\/www.insfri.com\/fr\/a-propos-dinsfri\/\" \/>\n<meta property=\"og:site_name\" content=\"Insfri Refrigeraci\u00f3n Industrial\" \/>\n<meta property=\"article:modified_time\" content=\"2015-11-12T15:23:14+00:00\" \/>\n<meta property=\"og:image\" content=\"http:\/\/insfri.com\/wp-content\/uploads\/2015\/06\/logo-insfri-300x154.png\" \/>\n<meta name=\"twitter:card\" content=\"summary_large_image\" \/>\n<meta name=\"twitter:label1\" content=\"Dur\u00e9e de lecture estim\u00e9e\" \/>\n\t<meta name=\"twitter:data1\" content=\"8 minutes\" \/>\n<script type=\"application\/ld+json\" class=\"yoast-schema-graph\">{\"@context\":\"https:\/\/schema.org\",\"@graph\":[{\"@type\":\"WebPage\",\"@id\":\"https:\/\/www.insfri.com\/fr\/a-propos-dinsfri\/\",\"url\":\"https:\/\/www.insfri.com\/fr\/a-propos-dinsfri\/\",\"name\":\"\u00c0 propos d\u2019INSFRI - Insfri Refrigeraci\u00f3n Industrial\",\"isPartOf\":{\"@id\":\"https:\/\/www.insfri.com\/fr\/#website\"},\"datePublished\":\"2015-10-08T06:32:25+00:00\",\"dateModified\":\"2015-11-12T15:23:14+00:00\",\"breadcrumb\":{\"@id\":\"https:\/\/www.insfri.com\/fr\/a-propos-dinsfri\/#breadcrumb\"},\"inLanguage\":\"fr-FR\",\"potentialAction\":[{\"@type\":\"ReadAction\",\"target\":[\"https:\/\/www.insfri.com\/fr\/a-propos-dinsfri\/\"]}]},{\"@type\":\"BreadcrumbList\",\"@id\":\"https:\/\/www.insfri.com\/fr\/a-propos-dinsfri\/#breadcrumb\",\"itemListElement\":[{\"@type\":\"ListItem\",\"position\":1,\"name\":\"Portada\",\"item\":\"https:\/\/www.insfri.com\/fr\/\"},{\"@type\":\"ListItem\",\"position\":2,\"name\":\"\u00c0 propos d\u2019INSFRI\"}]},{\"@type\":\"WebSite\",\"@id\":\"https:\/\/www.insfri.com\/fr\/#website\",\"url\":\"https:\/\/www.insfri.com\/fr\/\",\"name\":\"Insfri Refrigeraci\u00f3n Industrial\",\"description\":\"Otro sitio realizado con WordPress\",\"publisher\":{\"@id\":\"https:\/\/www.insfri.com\/fr\/#organization\"},\"potentialAction\":[{\"@type\":\"SearchAction\",\"target\":{\"@type\":\"EntryPoint\",\"urlTemplate\":\"https:\/\/www.insfri.com\/fr\/?s={search_term_string}\"},\"query-input\":\"required name=search_term_string\"}],\"inLanguage\":\"fr-FR\"},{\"@type\":\"Organization\",\"@id\":\"https:\/\/www.insfri.com\/fr\/#organization\",\"name\":\"Insfri Refrigeraci\u00f3n Industrial\",\"url\":\"https:\/\/www.insfri.com\/fr\/\",\"logo\":{\"@type\":\"ImageObject\",\"inLanguage\":\"fr-FR\",\"@id\":\"https:\/\/www.insfri.com\/fr\/#\/schema\/logo\/image\/\",\"url\":\"\",\"contentUrl\":\"\",\"caption\":\"Insfri Refrigeraci\u00f3n Industrial\"},\"image\":{\"@id\":\"https:\/\/www.insfri.com\/fr\/#\/schema\/logo\/image\/\"}}]}<\/script>\n<!-- \/ Yoast SEO plugin. -->","yoast_head_json":{"title":"\u00c0 propos d\u2019INSFRI - Insfri Refrigeraci\u00f3n Industrial","robots":{"index":"index","follow":"follow","max-snippet":"max-snippet:-1","max-image-preview":"max-image-preview:large","max-video-preview":"max-video-preview:-1"},"canonical":"https:\/\/www.insfri.com\/fr\/a-propos-dinsfri\/","og_locale":"fr_FR","og_type":"article","og_title":"\u00c0 propos d\u2019INSFRI - Insfri Refrigeraci\u00f3n Industrial","og_description":"[vc_row full_width=\u00a0\u00bb\u00a0\u00bb parallax_image=\u00a0\u00bb\u00a0\u00bb visibility=\u00a0\u00bb\u00a0\u00bb css_animation=\u00a0\u00bb\u00a0\u00bb center_row=\u00a0\u00bb\u00a0\u00bb typography_style=\u00a0\u00bb\u00a0\u00bb column_spacing=\u00a0\u00bb\u00a0\u00bb tablet_fullwidth_cols=\u00a0\u00bb\u00a0\u00bb bg_style=\u00a0\u00bb\u00a0\u00bb parallax=\u00a0\u00bb\u00a0\u00bb parallax_mobile=\u00a0\u00bb\u00a0\u00bb parallax_style=\u00a0\u00bb\u00a0\u00bb parallax_direction=\u00a0\u00bb\u00a0\u00bb video_bg=\u00a0\u00bb\u00a0\u00bb video_bg_overlay=\u00a0\u00bb\u00a0\u00bb border_style=\u00a0\u00bb\u00a0\u00bb][vc_column width=\u00a0\u00bb1\/1&Prime; style=\u00a0\u00bb\u00a0\u00bb visibility=\u00a0\u00bb\u00a0\u00bb css_animation=\u00a0\u00bb\u00a0\u00bb typo_style=\u00a0\u00bb\u00a0\u00bb drop_shadow=\u00a0\u00bb\u00a0\u00bb bg_style=\u00a0\u00bb\u00a0\u00bb border_style=\u00a0\u00bb\u00a0\u00bb][vc_single_image image=\u00a0\u00bb4740&Prime; alignment=\u00a0\u00bb\u00a0\u00bb style=\u00a0\u00bbvc_box_outline\u00a0\u00bb border_color=\u00a0\u00bbgrey\u00a0\u00bb img_link_large=\u00a0\u00bb\u00a0\u00bb img_link_target=\u00a0\u00bb_self\u00a0\u00bb css_animation=\u00a0\u00bb\u00a0\u00bb img_hover=\u00a0\u00bb\u00a0\u00bb img_filter=\u00a0\u00bb\u00a0\u00bb rounded_image=\u00a0\u00bb\u00a0\u00bb lightbox_iframe_type=\u00a0\u00bb\u00a0\u00bb][\/vc_column][\/vc_row][vc_row full_width=\u00a0\u00bb\u00a0\u00bb parallax_image=\u00a0\u00bb\u00a0\u00bb visibility=\u00a0\u00bb\u00a0\u00bb css_animation=\u00a0\u00bb\u00a0\u00bb&hellip;","og_url":"https:\/\/www.insfri.com\/fr\/a-propos-dinsfri\/","og_site_name":"Insfri Refrigeraci\u00f3n Industrial","article_modified_time":"2015-11-12T15:23:14+00:00","og_image":[{"url":"http:\/\/insfri.com\/wp-content\/uploads\/2015\/06\/logo-insfri-300x154.png"}],"twitter_card":"summary_large_image","twitter_misc":{"Dur\u00e9e de lecture estim\u00e9e":"8 minutes"},"schema":{"@context":"https:\/\/schema.org","@graph":[{"@type":"WebPage","@id":"https:\/\/www.insfri.com\/fr\/a-propos-dinsfri\/","url":"https:\/\/www.insfri.com\/fr\/a-propos-dinsfri\/","name":"\u00c0 propos d\u2019INSFRI - Insfri Refrigeraci\u00f3n Industrial","isPartOf":{"@id":"https:\/\/www.insfri.com\/fr\/#website"},"datePublished":"2015-10-08T06:32:25+00:00","dateModified":"2015-11-12T15:23:14+00:00","breadcrumb":{"@id":"https:\/\/www.insfri.com\/fr\/a-propos-dinsfri\/#breadcrumb"},"inLanguage":"fr-FR","potentialAction":[{"@type":"ReadAction","target":["https:\/\/www.insfri.com\/fr\/a-propos-dinsfri\/"]}]},{"@type":"BreadcrumbList","@id":"https:\/\/www.insfri.com\/fr\/a-propos-dinsfri\/#breadcrumb","itemListElement":[{"@type":"ListItem","position":1,"name":"Portada","item":"https:\/\/www.insfri.com\/fr\/"},{"@type":"ListItem","position":2,"name":"\u00c0 propos d\u2019INSFRI"}]},{"@type":"WebSite","@id":"https:\/\/www.insfri.com\/fr\/#website","url":"https:\/\/www.insfri.com\/fr\/","name":"Insfri Refrigeraci\u00f3n Industrial","description":"Otro sitio realizado con WordPress","publisher":{"@id":"https:\/\/www.insfri.com\/fr\/#organization"},"potentialAction":[{"@type":"SearchAction","target":{"@type":"EntryPoint","urlTemplate":"https:\/\/www.insfri.com\/fr\/?s={search_term_string}"},"query-input":"required name=search_term_string"}],"inLanguage":"fr-FR"},{"@type":"Organization","@id":"https:\/\/www.insfri.com\/fr\/#organization","name":"Insfri Refrigeraci\u00f3n Industrial","url":"https:\/\/www.insfri.com\/fr\/","logo":{"@type":"ImageObject","inLanguage":"fr-FR","@id":"https:\/\/www.insfri.com\/fr\/#\/schema\/logo\/image\/","url":"","contentUrl":"","caption":"Insfri Refrigeraci\u00f3n Industrial"},"image":{"@id":"https:\/\/www.insfri.com\/fr\/#\/schema\/logo\/image\/"}}]}},"_links":{"self":[{"href":"https:\/\/www.insfri.com\/fr\/wp-json\/wp\/v2\/pages\/5236"}],"collection":[{"href":"https:\/\/www.insfri.com\/fr\/wp-json\/wp\/v2\/pages"}],"about":[{"href":"https:\/\/www.insfri.com\/fr\/wp-json\/wp\/v2\/types\/page"}],"author":[{"embeddable":true,"href":"https:\/\/www.insfri.com\/fr\/wp-json\/wp\/v2\/users\/1"}],"replies":[{"embeddable":true,"href":"https:\/\/www.insfri.com\/fr\/wp-json\/wp\/v2\/comments?post=5236"}],"version-history":[{"count":7,"href":"https:\/\/www.insfri.com\/fr\/wp-json\/wp\/v2\/pages\/5236\/revisions"}],"predecessor-version":[{"id":5625,"href":"https:\/\/www.insfri.com\/fr\/wp-json\/wp\/v2\/pages\/5236\/revisions\/5625"}],"wp:attachment":[{"href":"https:\/\/www.insfri.com\/fr\/wp-json\/wp\/v2\/media?parent=5236"}],"curies":[{"name":"wp","href":"https:\/\/api.w.org\/{rel}","templated":true}]}}