{"id":5240,"date":"2015-10-08T07:15:24","date_gmt":"2015-10-08T07:15:24","guid":{"rendered":"http:\/\/insfri.com\/wordpress\/?page_id=5240"},"modified":"2023-03-21T07:51:40","modified_gmt":"2023-03-21T07:51:40","slug":"accueil","status":"publish","type":"page","link":"https:\/\/www.insfri.com\/fr\/","title":{"rendered":"Accueil"},"content":{"rendered":"<section class=\"wpb-content-wrapper\">[vc_row full_width=\u00a0\u00bb\u00a0\u00bb parallax_image=\u00a0\u00bb\u00a0\u00bb visibility=\u00a0\u00bb\u00a0\u00bb css_animation=\u00a0\u00bb\u00a0\u00bb center_row=\u00a0\u00bbyes\u00a0\u00bb typography_style=\u00a0\u00bb\u00a0\u00bb column_spacing=\u00a0\u00bb\u00a0\u00bb tablet_fullwidth_cols=\u00a0\u00bb\u00a0\u00bb bg_style=\u00a0\u00bb\u00a0\u00bb parallax=\u00a0\u00bb\u00a0\u00bb parallax_mobile=\u00a0\u00bb\u00a0\u00bb parallax_style=\u00a0\u00bb\u00a0\u00bb parallax_direction=\u00a0\u00bb\u00a0\u00bb video_bg=\u00a0\u00bb\u00a0\u00bb video_bg_overlay=\u00a0\u00bb\u00a0\u00bb border_style=\u00a0\u00bb\u00a0\u00bb margin_top=\u00a0\u00bb45px\u00a0\u00bb margin_bottom=\u00a0\u00bb25px\u00a0\u00bb][vc_column width=\u00a0\u00bb1\/1&Prime; style=\u00a0\u00bb\u00a0\u00bb visibility=\u00a0\u00bb\u00a0\u00bb css_animation=\u00a0\u00bb\u00a0\u00bb typo_style=\u00a0\u00bb\u00a0\u00bb drop_shadow=\u00a0\u00bb\u00a0\u00bb bg_style=\u00a0\u00bb\u00a0\u00bb border_style=\u00a0\u00bb\u00a0\u00bb][vc_column_text css_animation=\u00a0\u00bb\u00a0\u00bb]\n<p style=\"text-align: center;\"><span style=\"font-family: Open Sans; font-size: 36px; font-weight: 300; color: #000;\"><strong>\u00c9vaporateurs et Condenseurs pour R\u00e9frig\u00e9ration\u00a0Industrielle et Commerciale<\/strong><\/span><\/p>\n<p style=\"text-align: justify;\"><span style=\"line-height: 1.5; font-size: 16px;\"><span style=\"color: #000080;\"><strong>INSFRI<\/strong><\/span>,\u00a0sp\u00e9cialis\u00e9e dans le design et la fabrication d\u2019\u00e9vaporateurs, condenseurs et \u00e9changeurs thermiques sp\u00e9ciaux pour le\u00a0froid industriel et commercial, a une large gamme de\u00a0<strong>produits standard<\/strong> et <strong>sp\u00e9ciale sur mesure<\/strong>, adapt\u00e9e aux besoins de chaque projet. Depuis sa cr\u00e9ation en 1966, visant \u00e0 la fabrication d\u2019un produit de haute qualit\u00e9, est situ\u00e9e comme r\u00e9f\u00e9rent dans le secteur en offrant des solutions rentables pour les professionnels de la R\u00e9frig\u00e9ration<\/span><span style=\"line-height: 1.5;\">.<\/span><\/p>\n<h4 style=\"text-align: center;\"><span style=\"font-size: 18px;\"><span style=\"font-size: 21px; color: #0000ff;\"><span style=\"color: #000080;\">\u201c<\/span>\u00a0<\/span><span style=\"color: #2b2b2b;\">Notre objectif est d\u2019offrir des solutions pour r\u00e9pondre aux besoins r\u00e9els des professionnels dans le domaine de la r\u00e9frig\u00e9ration industrielle et commerciale avec le maximum vitesse et efficience<\/span>.\u00a0<span style=\"font-size: 21px; color: #000080;\">\u201d<\/span><\/span><\/h4>\n[\/vc_column_text][vcex_spacing size=\u00a0\u00bb75px\u00a0\u00bb visibility=\u00a0\u00bb\u00a0\u00bb][vc_tabs interval=\u00a0\u00bb0&Prime; style=\u00a0\u00bbalternative-two\u00a0\u00bb][vc_tab title=\u00a0\u00bb\u00c9vaporateurs Industriels\u00a0\u00bb tab_id=\u00a0\u00bb9800a328-067c-3&Prime;][vc_column_text css_animation=\u00a0\u00bb\u00a0\u00bb]Nous avons une large gamme d&rsquo; \u00c9vaporateurs Industriels de haute qualit\u00e9 pour tout type d&rsquo;installation:[\/vc_column_text][vcex_portfolio_grid visibility=\u00a0\u00bb\u00a0\u00bb css_animation=\u00a0\u00bb\u00a0\u00bb grid_style=\u00a0\u00bbfit_columns\u00a0\u00bb columns=\u00a0\u00bb5&Prime; columns_gap=\u00a0\u00bb\u00a0\u00bb columns_responsive=\u00a0\u00bb\u00a0\u00bb single_column_style=\u00a0\u00bb\u00a0\u00bb equal_heights_grid=\u00a0\u00bb\u00a0\u00bb link_target=\u00a0\u00bb\u00a0\u00bb posts_per_page=\u00a0\u00bb8&Prime; order=\u00a0\u00bb\u00a0\u00bb orderby=\u00a0\u00bb\u00a0\u00bb pagination=\u00a0\u00bb\u00a0\u00bb filter=\u00a0\u00bb\u00a0\u00bb masonry_layout_mode=\u00a0\u00bb\u00a0\u00bb center_filter=\u00a0\u00bb\u00a0\u00bb entry_media=\u00a0\u00bb\u00a0\u00bb featured_video=\u00a0\u00bb\u00a0\u00bb img_size=\u00a0\u00bbwpex_custom\u00a0\u00bb img_crop=\u00a0\u00bbcenter-center\u00a0\u00bb overlay_style=\u00a0\u00bb\u00a0\u00bb img_hover_style=\u00a0\u00bbopacity\u00a0\u00bb img_filter=\u00a0\u00bb\u00a0\u00bb thumb_link=\u00a0\u00bb\u00a0\u00bb lightbox_skin=\u00a0\u00bb\u00a0\u00bb thumb_lightbox_gallery=\u00a0\u00bb\u00a0\u00bb thumb_lightbox_title=\u00a0\u00bb\u00a0\u00bb thumb_lightbox_caption=\u00a0\u00bb\u00a0\u00bb title=\u00a0\u00bb\u00a0\u00bb title_link=\u00a0\u00bb\u00a0\u00bb content_heading_weight=\u00a0\u00bb\u00a0\u00bb content_heading_transform=\u00a0\u00bb\u00a0\u00bb show_categories=\u00a0\u00bb\u00a0\u00bb show_first_category_only=\u00a0\u00bb\u00a0\u00bb excerpt=\u00a0\u00bbfalse\u00a0\u00bb excerpt_length=\u00a0\u00bb30&Prime; read_more=\u00a0\u00bbfalse\u00a0\u00bb readmore_style=\u00a0\u00bb\u00a0\u00bb readmore_style_color=\u00a0\u00bb\u00a0\u00bb readmore_rarr=\u00a0\u00bb\u00a0\u00bb content_alignment=\u00a0\u00bb\u00a0\u00bb include_categories=\u00a0\u00bb71&Prime;][\/vc_tab][vc_tab title=\u00a0\u00bb\u00c9vaporateurs Commerciaux\u00a0\u00bb tab_id=\u00a0\u00bb01078e3f-595a-cl\u00a0\u00bb][vc_column_text css_animation=\u00a0\u00bb\u00a0\u00bb]Nous avons une large gamme d&rsquo; \u00c9vaporateurs Commerciaux\u00a0de haute qualit\u00e9 pour tout type d&rsquo;installation:[\/vc_column_text][vcex_portfolio_grid visibility=\u00a0\u00bb\u00a0\u00bb css_animation=\u00a0\u00bb\u00a0\u00bb grid_style=\u00a0\u00bbfit_columns\u00a0\u00bb columns=\u00a0\u00bb5&Prime; columns_gap=\u00a0\u00bb\u00a0\u00bb columns_responsive=\u00a0\u00bb\u00a0\u00bb single_column_style=\u00a0\u00bb\u00a0\u00bb equal_heights_grid=\u00a0\u00bb\u00a0\u00bb link_target=\u00a0\u00bb\u00a0\u00bb posts_per_page=\u00a0\u00bb50&Prime; order=\u00a0\u00bb\u00a0\u00bb orderby=\u00a0\u00bb\u00a0\u00bb pagination=\u00a0\u00bb\u00a0\u00bb filter=\u00a0\u00bb\u00a0\u00bb masonry_layout_mode=\u00a0\u00bb\u00a0\u00bb center_filter=\u00a0\u00bb\u00a0\u00bb entry_media=\u00a0\u00bb\u00a0\u00bb featured_video=\u00a0\u00bb\u00a0\u00bb img_size=\u00a0\u00bbwpex_custom\u00a0\u00bb img_crop=\u00a0\u00bbcenter-center\u00a0\u00bb overlay_style=\u00a0\u00bb\u00a0\u00bb img_hover_style=\u00a0\u00bbopacity\u00a0\u00bb img_filter=\u00a0\u00bb\u00a0\u00bb thumb_link=\u00a0\u00bb\u00a0\u00bb lightbox_skin=\u00a0\u00bb\u00a0\u00bb thumb_lightbox_gallery=\u00a0\u00bb\u00a0\u00bb thumb_lightbox_title=\u00a0\u00bb\u00a0\u00bb thumb_lightbox_caption=\u00a0\u00bb\u00a0\u00bb title=\u00a0\u00bb\u00a0\u00bb title_link=\u00a0\u00bb\u00a0\u00bb content_heading_weight=\u00a0\u00bb\u00a0\u00bb content_heading_transform=\u00a0\u00bb\u00a0\u00bb show_categories=\u00a0\u00bb\u00a0\u00bb show_first_category_only=\u00a0\u00bb\u00a0\u00bb excerpt=\u00a0\u00bbfalse\u00a0\u00bb excerpt_length=\u00a0\u00bb30&Prime; read_more=\u00a0\u00bbfalse\u00a0\u00bb readmore_style=\u00a0\u00bb\u00a0\u00bb readmore_style_color=\u00a0\u00bb\u00a0\u00bb readmore_rarr=\u00a0\u00bb\u00a0\u00bb content_alignment=\u00a0\u00bb\u00a0\u00bb include_categories=\u00a0\u00bb72&Prime;][\/vc_tab][vc_tab title=\u00a0\u00bbCondenseurs\u00a0\u00bb tab_id=\u00a0\u00bbed1c8f93-ef4a-8&Prime;][vc_column_text css_animation=\u00a0\u00bb\u00a0\u00bb]Large eventail\u00a0de condenseurs de haute qualit\u00e9:<\/p>\n<ul>\n<li>Condenseurs d&rsquo; air h\u00e9lico\u00efdaux(CDA)<img decoding=\"async\" loading=\"lazy\" class=\" wp-image-5135 size-medium alignright\" src=\"http:\/\/insfri.com\/wp-content\/uploads\/2014\/01\/insfri-condensadores-300x179.png\" alt=\"\" width=\"300\" height=\"179\" srcset=\"https:\/\/www.insfri.com\/wp-content\/uploads\/2014\/01\/insfri-condensadores-300x179.png 300w, https:\/\/www.insfri.com\/wp-content\/uploads\/2014\/01\/insfri-condensadores.png 613w\" sizes=\"(max-width: 300px) 100vw, 300px\" \/><\/li>\n<li>Condenseurs d&rsquo; air centrifuges transmission directe (CCA)<\/li>\n<\/ul>\n[\/vc_column_text][\/vc_tab][vc_tab title=\u00a0\u00bb\u00c9vaporateurs Statiques \/ Batteries\u00a0\u00bb tab_id=\u00a0\u00bb1435502842595-2-7&Prime;][vc_column_text css_animation=\u00a0\u00bb\u00a0\u00bb]Les \u00e9vaporateurs statiques pour chambres froides sont construits avec tube de cuivre de 5\/8\u201d et ailettes d\u2019aluminium, dont les \u00e9paisseurs assurent une grande fixation et rendement. Ils disposent d\u2019ailettes avec collet auto-s\u00e9parateur, pour assurer une bonne transmission. Les plaques lat\u00e9rales d\u2019appui, en aluminium construites pour \u00e9viter l\u2019endommagement des tubes donnent \u00e0 l\u2019ensemble une grande solidit\u00e9. Plateau de collection d\u2019eau optionnel, en aluminium ou acier inoxydable.<\/p>\n<p>Les \u00e9vaporateurs statiques pour vitrines, basse comptoirs de bouteilles, armoires, chambres froides \u2026 sont fabriqu\u00e9s sur demande, avec tube de cuivre de \u00bd\u201d, 5\/8\u201d, et ailettes de aluminium avec un \u00e9cartement des ailettes adapt\u00e9 a chaque application.<\/p>\n<p><img decoding=\"async\" loading=\"lazy\" class=\"alignleft wp-image-5036\" src=\"http:\/\/insfri.com\/wp-content\/uploads\/2014\/01\/EVAPORADORES-4A-300x200.jpg\" alt=\"EVAPORADORES 4A\" width=\"400\" height=\"266\" srcset=\"https:\/\/www.insfri.com\/wp-content\/uploads\/2014\/01\/EVAPORADORES-4A-300x200.jpg 300w, https:\/\/www.insfri.com\/wp-content\/uploads\/2014\/01\/EVAPORADORES-4A-1024x682.jpg 1024w\" sizes=\"(max-width: 400px) 100vw, 400px\" \/><a href=\"http:\/\/insfri.com\/wp-content\/uploads\/2014\/01\/EVAPORADORES-estaticos.jpg\"><img decoding=\"async\" loading=\"lazy\" class=\"alignright wp-image-5037\" src=\"http:\/\/insfri.com\/wp-content\/uploads\/2014\/01\/EVAPORADORES-estaticos-300x223.jpg\" alt=\"EVAPORADORES estaticos\" width=\"400\" height=\"297\" srcset=\"https:\/\/www.insfri.com\/wp-content\/uploads\/2014\/01\/EVAPORADORES-estaticos-300x223.jpg 300w, https:\/\/www.insfri.com\/wp-content\/uploads\/2014\/01\/EVAPORADORES-estaticos.jpg 684w\" sizes=\"(max-width: 400px) 100vw, 400px\" \/><\/a>[\/vc_column_text][\/vc_tab][vc_tab title=\u00a0\u00bbPieces et Accesoires\u00a0\u00bb tab_id=\u00a0\u00bb1435502879621-3-4&Prime;][vc_column_text css_animation=\u00a0\u00bb\u00a0\u00bb]Un <strong>grand stock<\/strong> des produits finis, d\u2019accessoires et pi\u00e8ces de rechange (ventilateurs, r\u00e9sistances, plateaux&#8230;) assure une <strong>disponibilit\u00e9 rapide<\/strong> du mat\u00e9riel.<\/p>\n<p><img decoding=\"async\" loading=\"lazy\" class=\"aligncenter wp-image-5035 size-full\" src=\"http:\/\/insfri.com\/wp-content\/uploads\/2014\/01\/insfri-recambios-2.png\" alt=\"\" width=\"808\" height=\"155\" srcset=\"https:\/\/www.insfri.com\/wp-content\/uploads\/2014\/01\/insfri-recambios-2.png 808w, https:\/\/www.insfri.com\/wp-content\/uploads\/2014\/01\/insfri-recambios-2-300x58.png 300w\" sizes=\"(max-width: 808px) 100vw, 808px\" \/>[\/vc_column_text][\/vc_tab][\/vc_tabs][vc_row_inner][vc_column_inner el_class=\u00a0\u00bb\u00a0\u00bb width=\u00a0\u00bb1\/1&Prime; style=\u00a0\u00bbdefault\u00a0\u00bb visibility=\u00a0\u00bb\u00a0\u00bb css_animation=\u00a0\u00bb\u00a0\u00bb typo_style=\u00a0\u00bb\u00a0\u00bb drop_shadow=\u00a0\u00bb\u00a0\u00bb bg_style=\u00a0\u00bbstretch\u00a0\u00bb border_style=\u00a0\u00bb\u00a0\u00bb border_color=\u00a0\u00bb\u00a0\u00bb][vcex_spacing size=\u00a0\u00bb50px\u00a0\u00bb visibility=\u00a0\u00bb\u00a0\u00bb][vcex_callout button_style=\u00a0\u00bbgraphical\u00a0\u00bb button_color=\u00a0\u00bbblue\u00a0\u00bb button_rel=\u00a0\u00bbnone\u00a0\u00bb button_icon_right=\u00a0\u00bbangle-double-right\u00a0\u00bb button_text=\u00a0\u00bbEn savoir plus \u00a0\u00bb button_url=\u00a0\u00bbhttp:\/\/insfri.com\/fr\/fabrication-speciale\/\u00a0\u00bb button_border_radius=\u00a0\u00bb5&Prime;]\n<h3 style=\"text-align: justify;\">Fabrication sp\u00e9ciale<\/h3>\n<p style=\"text-align: justify;\"><span style=\"color: #0000ff;\"><strong><span style=\"color: #000080;\">INSFRI<\/span><\/strong><\/span><span style=\"color: #0000ff;\"><strong><span style=\"color: #000080;\">\u00a0<\/span><\/strong><\/span>est caract\u00e9ris\u00e9e par le con\u00e7oit et fabrication d\u2019\u00e9vaporateurs, des Condenseurs et d\u2019\u00e9changeurs thermiques sur mesure, adapt\u00e9s a tout type d\u2019installation et avec toutes sortes de particularit\u00e9s.<\/p>\n[\/vcex_callout][\/vc_column_inner][\/vc_row_inner][\/vc_column][\/vc_row][vc_row full_width=\u00a0\u00bb\u00a0\u00bb parallax_image=\u00a0\u00bb\u00a0\u00bb visibility=\u00a0\u00bb\u00a0\u00bb css_animation=\u00a0\u00bb\u00a0\u00bb center_row=\u00a0\u00bbyes\u00a0\u00bb typography_style=\u00a0\u00bb\u00a0\u00bb column_spacing=\u00a0\u00bb\u00a0\u00bb tablet_fullwidth_cols=\u00a0\u00bb\u00a0\u00bb bg_style=\u00a0\u00bb\u00a0\u00bb parallax=\u00a0\u00bb\u00a0\u00bb parallax_mobile=\u00a0\u00bb\u00a0\u00bb parallax_style=\u00a0\u00bb\u00a0\u00bb parallax_direction=\u00a0\u00bb\u00a0\u00bb video_bg=\u00a0\u00bb\u00a0\u00bb video_bg_overlay=\u00a0\u00bb\u00a0\u00bb border_style=\u00a0\u00bb\u00a0\u00bb bg_color=\u00a0\u00bb#f5f5f5&Prime;][vc_column width=\u00a0\u00bb1\/1&Prime; style=\u00a0\u00bb\u00a0\u00bb visibility=\u00a0\u00bb\u00a0\u00bb css_animation=\u00a0\u00bb\u00a0\u00bb typo_style=\u00a0\u00bb\u00a0\u00bb drop_shadow=\u00a0\u00bb\u00a0\u00bb bg_style=\u00a0\u00bb\u00a0\u00bb border_style=\u00a0\u00bb\u00a0\u00bb][vc_column_text css_animation=\u00a0\u00bb\u00a0\u00bb]\n<p style=\"text-align: center;\"><span style=\"font-family: Open Sans; font-size: 36px; font-weight: 300; color: #000;\"><strong>Pourquoi nous choisir<\/strong><\/span><\/p>\n[\/vc_column_text][vcex_spacing size=\u00a0\u00bb10px\u00a0\u00bb visibility=\u00a0\u00bb\u00a0\u00bb][vc_row_inner el_id=\u00a0\u00bb\u00a0\u00bb][vc_column_inner el_class=\u00a0\u00bb\u00a0\u00bb width=\u00a0\u00bb1\/4&Prime; style=\u00a0\u00bbdefault\u00a0\u00bb visibility=\u00a0\u00bb\u00a0\u00bb css_animation=\u00a0\u00bb\u00a0\u00bb typo_style=\u00a0\u00bb\u00a0\u00bb drop_shadow=\u00a0\u00bb\u00a0\u00bb bg_style=\u00a0\u00bbstretch\u00a0\u00bb border_style=\u00a0\u00bb\u00a0\u00bb border_color=\u00a0\u00bb\u00a0\u00bb][vcex_icon_box visibility=\u00a0\u00bb\u00a0\u00bb css_animation=\u00a0\u00bb\u00a0\u00bb hover_animation=\u00a0\u00bbpush\u00a0\u00bb style=\u00a0\u00bbtwo\u00a0\u00bb alignment=\u00a0\u00bb\u00a0\u00bb heading=\u00a0\u00bb50 ans d\u2019Exp\u00e9rience\u00a0\u00bb heading_type=\u00a0\u00bbh2&Prime; heading_weight=\u00a0\u00bb\u00a0\u00bb heading_transform=\u00a0\u00bb\u00a0\u00bb icon_type=\u00a0\u00bbfontawesome\u00a0\u00bb icon=\u00a0\u00bbfa fa-graduation-cap\u00a0\u00bb url_target=\u00a0\u00bb\u00a0\u00bb url_rel=\u00a0\u00bb\u00a0\u00bb url_wrap=\u00a0\u00bb\u00a0\u00bb hover_white_text=\u00a0\u00bb\u00a0\u00bb icon_size=\u00a0\u00bb42px\u00a0\u00bb icon_color=\u00a0\u00bb#000000&Prime;]\n<p style=\"text-align: justify;\"><span style=\"color: #000080;\"><strong>INSFRI<\/strong><\/span>, avec une\u00a0<span style=\"color: #2b2b2b;\"><strong>\u00e9quipe technique sp\u00e9cialis\u00e9e<\/strong><\/span> et orient\u00e9e vers la conception <span style=\"color: #2b2b2b;\"><strong>depuis 1966<\/strong><\/span>, con\u00e7oit et fabrique des produit qui offrent la meilleure solution, avec pour objective assurer la qualit\u00e9 du produit et les services fournis<\/p>\n[\/vcex_icon_box][\/vc_column_inner][vc_column_inner el_class=\u00a0\u00bb\u00a0\u00bb width=\u00a0\u00bb1\/4&Prime; style=\u00a0\u00bbdefault\u00a0\u00bb visibility=\u00a0\u00bb\u00a0\u00bb css_animation=\u00a0\u00bb\u00a0\u00bb typo_style=\u00a0\u00bb\u00a0\u00bb drop_shadow=\u00a0\u00bb\u00a0\u00bb bg_style=\u00a0\u00bbstretch\u00a0\u00bb border_style=\u00a0\u00bb\u00a0\u00bb border_color=\u00a0\u00bb\u00a0\u00bb][vcex_icon_box visibility=\u00a0\u00bb\u00a0\u00bb css_animation=\u00a0\u00bb\u00a0\u00bb hover_animation=\u00a0\u00bbpush\u00a0\u00bb style=\u00a0\u00bbtwo\u00a0\u00bb alignment=\u00a0\u00bb\u00a0\u00bb heading=\u00a0\u00bbProduit Standard\u00a0\u00bb heading_type=\u00a0\u00bbh2&Prime; heading_weight=\u00a0\u00bb\u00a0\u00bb heading_transform=\u00a0\u00bb\u00a0\u00bb icon_type=\u00a0\u00bbfontawesome\u00a0\u00bb icon=\u00a0\u00bbfa fa-cubes\u00a0\u00bb url_target=\u00a0\u00bb\u00a0\u00bb url_rel=\u00a0\u00bb\u00a0\u00bb url_wrap=\u00a0\u00bb\u00a0\u00bb hover_white_text=\u00a0\u00bb\u00a0\u00bb icon_size=\u00a0\u00bb42px\u00a0\u00bb icon_color=\u00a0\u00bb#000000&Prime;]\n<p style=\"text-align: justify;\"><span style=\"color: #000080;\"><strong>INSFRI<\/strong> <\/span>dispose d\u2019une large gamme d\u2019<span style=\"color: #2b2b2b;\"><strong>Evaporateurs<\/strong><\/span>, des <span style=\"color: #2b2b2b;\"><strong>Condenseurs<\/strong> <\/span>et d\u2019<span style=\"color: #2b2b2b;\"><strong>\u00c9changeurs thermiques<\/strong><\/span> \u00a0pour R\u00e9frig\u00e9ration Industrielle et Commerciale qui s\u2019adapte aux besoins de chaque projet.<\/p>\n[\/vcex_icon_box][\/vc_column_inner][vc_column_inner el_class=\u00a0\u00bb\u00a0\u00bb width=\u00a0\u00bb1\/4&Prime; style=\u00a0\u00bbdefault\u00a0\u00bb visibility=\u00a0\u00bb\u00a0\u00bb css_animation=\u00a0\u00bb\u00a0\u00bb typo_style=\u00a0\u00bb\u00a0\u00bb drop_shadow=\u00a0\u00bb\u00a0\u00bb bg_style=\u00a0\u00bbstretch\u00a0\u00bb border_style=\u00a0\u00bb\u00a0\u00bb border_color=\u00a0\u00bb\u00a0\u00bb][vcex_icon_box visibility=\u00a0\u00bb\u00a0\u00bb css_animation=\u00a0\u00bb\u00a0\u00bb hover_animation=\u00a0\u00bbpush\u00a0\u00bb style=\u00a0\u00bbtwo\u00a0\u00bb alignment=\u00a0\u00bb\u00a0\u00bb heading=\u00a0\u00bbFabrication Sp\u00e9ciale sur mesure\u00a0\u00bb heading_type=\u00a0\u00bbh2&Prime; heading_weight=\u00a0\u00bb\u00a0\u00bb heading_transform=\u00a0\u00bb\u00a0\u00bb icon_type=\u00a0\u00bbfontawesome\u00a0\u00bb icon=\u00a0\u00bbfa fa-pencil-square-o\u00a0\u00bb url_target=\u00a0\u00bb\u00a0\u00bb url_rel=\u00a0\u00bb\u00a0\u00bb url_wrap=\u00a0\u00bb\u00a0\u00bb hover_white_text=\u00a0\u00bb\u00a0\u00bb icon_size=\u00a0\u00bb42px\u00a0\u00bb icon_color=\u00a0\u00bb#000000&Prime;]\n<p style=\"text-align: justify;\"><span style=\"line-height: 1.5;\"><strong><span style=\"color: #000080;\">INSFRI<\/span> <\/strong>offre solutions qui r\u00e9sout les probl\u00e8mes d&rsquo;espace ou de singularit\u00e9s que pr\u00e9sentent certains enceintes, en \u00e9tudiant et concevant des \u00e9vaporateurs et des condenseurs <span style=\"color: #2b2b2b;\"><strong>sur mesure<\/strong> <\/span><\/span><\/p>\n[\/vcex_icon_box][\/vc_column_inner][vc_column_inner el_class=\u00a0\u00bb\u00a0\u00bb width=\u00a0\u00bb1\/4&Prime; style=\u00a0\u00bbdefault\u00a0\u00bb visibility=\u00a0\u00bb\u00a0\u00bb css_animation=\u00a0\u00bb\u00a0\u00bb typo_style=\u00a0\u00bb\u00a0\u00bb drop_shadow=\u00a0\u00bb\u00a0\u00bb bg_style=\u00a0\u00bbstretch\u00a0\u00bb border_style=\u00a0\u00bb\u00a0\u00bb border_color=\u00a0\u00bb\u00a0\u00bb][vcex_icon_box visibility=\u00a0\u00bb\u00a0\u00bb css_animation=\u00a0\u00bb\u00a0\u00bb hover_animation=\u00a0\u00bbpush\u00a0\u00bb style=\u00a0\u00bbtwo\u00a0\u00bb alignment=\u00a0\u00bb\u00a0\u00bb heading=\u00a0\u00bbCalculs Personnalis\u00e9es\u00a0\u00bb heading_type=\u00a0\u00bbh2&Prime; heading_weight=\u00a0\u00bb\u00a0\u00bb heading_transform=\u00a0\u00bb\u00a0\u00bb icon_type=\u00a0\u00bbfontawesome\u00a0\u00bb icon=\u00a0\u00bbfa fa-calculator\u00a0\u00bb url_target=\u00a0\u00bb\u00a0\u00bb url_rel=\u00a0\u00bb\u00a0\u00bb url_wrap=\u00a0\u00bb\u00a0\u00bb hover_white_text=\u00a0\u00bb\u00a0\u00bb icon_size=\u00a0\u00bb42px\u00a0\u00bb icon_color=\u00a0\u00bb#000000&Prime;]\n<p style=\"text-align: justify;\">En tant que sp\u00e9cialiste du Froid Industriel et Commercial, <span style=\"color: #000080;\"><strong>INSFRI<\/strong> <\/span>offre un <span style=\"color: #2b2b2b;\"><strong>service technique<\/strong><\/span> et de <span style=\"color: #2b2b2b;\"><strong>calcul<\/strong> <\/span>que vous aidera \u00e0 choisir la solution plus adapt\u00e9e aux besoins de r\u00e9frig\u00e9ration n\u00e9cessaires, avec un <span style=\"color: #2b2b2b;\"><strong>traitement direct<\/strong><\/span> et <span style=\"color: #2b2b2b;\"><strong>personnel<\/strong><\/span><\/p>\n[\/vcex_icon_box][\/vc_column_inner][\/vc_row_inner][vc_row_inner el_id=\u00a0\u00bb\u00a0\u00bb][vc_column_inner el_class=\u00a0\u00bb\u00a0\u00bb width=\u00a0\u00bb1\/4&Prime; style=\u00a0\u00bbdefault\u00a0\u00bb visibility=\u00a0\u00bb\u00a0\u00bb css_animation=\u00a0\u00bb\u00a0\u00bb typo_style=\u00a0\u00bb\u00a0\u00bb drop_shadow=\u00a0\u00bb\u00a0\u00bb bg_style=\u00a0\u00bbstretch\u00a0\u00bb border_style=\u00a0\u00bb\u00a0\u00bb border_color=\u00a0\u00bb\u00a0\u00bb][vcex_icon_box visibility=\u00a0\u00bb\u00a0\u00bb css_animation=\u00a0\u00bb\u00a0\u00bb hover_animation=\u00a0\u00bbpush\u00a0\u00bb style=\u00a0\u00bbtwo\u00a0\u00bb alignment=\u00a0\u00bb\u00a0\u00bb heading=\u00a0\u00bbQualit\u00e9 de Fabrication\u00a0\u00bb heading_type=\u00a0\u00bbh2&Prime; heading_weight=\u00a0\u00bb\u00a0\u00bb heading_transform=\u00a0\u00bb\u00a0\u00bb icon_type=\u00a0\u00bbfontawesome\u00a0\u00bb icon=\u00a0\u00bbfa fa-cogs\u00a0\u00bb url_target=\u00a0\u00bb\u00a0\u00bb url_rel=\u00a0\u00bb\u00a0\u00bb url_wrap=\u00a0\u00bb\u00a0\u00bb hover_white_text=\u00a0\u00bb\u00a0\u00bb icon_size=\u00a0\u00bb42px\u00a0\u00bb]\n<p style=\"text-align: justify;\"><span style=\"color: #000080;\"><strong>INSFRI<\/strong> <\/span>dispose de la machine de fabrication et l\u2019\u00e9quipement le plus moderne et avanc\u00e9, ce qui permet d\u2019obtenir un produit d\u2019haute qualit\u00e9 et performance \u00e0 un prix comp\u00e9titif<\/p>\n[\/vcex_icon_box][\/vc_column_inner][vc_column_inner el_class=\u00a0\u00bb\u00a0\u00bb width=\u00a0\u00bb1\/4&Prime; style=\u00a0\u00bbdefault\u00a0\u00bb visibility=\u00a0\u00bb\u00a0\u00bb css_animation=\u00a0\u00bb\u00a0\u00bb typo_style=\u00a0\u00bb\u00a0\u00bb drop_shadow=\u00a0\u00bb\u00a0\u00bb bg_style=\u00a0\u00bbstretch\u00a0\u00bb border_style=\u00a0\u00bb\u00a0\u00bb border_color=\u00a0\u00bb\u00a0\u00bb][vcex_icon_box visibility=\u00a0\u00bb\u00a0\u00bb css_animation=\u00a0\u00bb\u00a0\u00bb hover_animation=\u00a0\u00bbpush\u00a0\u00bb style=\u00a0\u00bbtwo\u00a0\u00bb alignment=\u00a0\u00bb\u00a0\u00bb heading=\u00a0\u00bbD\u00e9lais de livraison rapides \u00a0\u00bb heading_type=\u00a0\u00bbh2&Prime; heading_weight=\u00a0\u00bb\u00a0\u00bb heading_transform=\u00a0\u00bb\u00a0\u00bb icon_type=\u00a0\u00bbfontawesome\u00a0\u00bb icon=\u00a0\u00bbfa fa-truck\u00a0\u00bb url_target=\u00a0\u00bb\u00a0\u00bb url_rel=\u00a0\u00bb\u00a0\u00bb url_wrap=\u00a0\u00bb\u00a0\u00bb hover_white_text=\u00a0\u00bb\u00a0\u00bb icon_size=\u00a0\u00bb42px\u00a0\u00bb heading_color=\u00a0\u00bb#000000&Prime;]\n<div class=\"vcex-icon-wrap\" style=\"text-align: justify;\">\n<p>Une <span style=\"color: #2b2b2b;\"><strong>grande capacit\u00e9 de production<\/strong><\/span>, gr\u00e2ce \u00e0 son <span style=\"color: #2b2b2b;\"><strong>usine de production et de stockage moderne<\/strong><\/span>, qui assure l&rsquo;approvisionnement en mati\u00e8res premi\u00e8res, accessoires et pi\u00e8ces d\u00e9tach\u00e9es de tous ses produits.<\/p>\n<\/div>\n[\/vcex_icon_box][\/vc_column_inner][vc_column_inner el_class=\u00a0\u00bb\u00a0\u00bb width=\u00a0\u00bb1\/4&Prime; style=\u00a0\u00bbdefault\u00a0\u00bb visibility=\u00a0\u00bb\u00a0\u00bb css_animation=\u00a0\u00bb\u00a0\u00bb typo_style=\u00a0\u00bb\u00a0\u00bb drop_shadow=\u00a0\u00bb\u00a0\u00bb bg_style=\u00a0\u00bbstretch\u00a0\u00bb border_style=\u00a0\u00bb\u00a0\u00bb border_color=\u00a0\u00bb\u00a0\u00bb][vcex_icon_box visibility=\u00a0\u00bb\u00a0\u00bb css_animation=\u00a0\u00bb\u00a0\u00bb hover_animation=\u00a0\u00bbpush\u00a0\u00bb style=\u00a0\u00bbtwo\u00a0\u00bb alignment=\u00a0\u00bb\u00a0\u00bb heading=\u00a0\u00bbPour tout type d&rsquo; Installation\u00a0\u00bb heading_type=\u00a0\u00bbh2&Prime; heading_weight=\u00a0\u00bb\u00a0\u00bb heading_transform=\u00a0\u00bb\u00a0\u00bb icon_type=\u00a0\u00bbfontawesome\u00a0\u00bb icon=\u00a0\u00bbfa fa-building-o\u00a0\u00bb url_target=\u00a0\u00bb\u00a0\u00bb url_rel=\u00a0\u00bb\u00a0\u00bb url_wrap=\u00a0\u00bb\u00a0\u00bb hover_white_text=\u00a0\u00bb\u00a0\u00bb icon_size=\u00a0\u00bb42px\u00a0\u00bb]\n<p style=\"text-align: justify;\"><span style=\"color: #000080;\"><strong>INSFRI<\/strong>\u00a0<\/span>con\u00e7oit et fabrique des produits avec <span style=\"color: #2b2b2b;\"><strong>toutes sortes de particularit\u00e9s <\/strong><\/span>et destin\u00e9s \u00e0 <span style=\"color: #2b2b2b;\"><strong>tous les types d&rsquo;installations<\/strong><\/span> et <span style=\"color: #2b2b2b;\"><strong>secteurs d\u2019activit\u00e9<\/strong><\/span>, en ayant pour objectif d\u2019\u00eatre adapt\u00e9e \u00e0 vos besoins<\/p>\n[\/vcex_icon_box][\/vc_column_inner][vc_column_inner el_class=\u00a0\u00bb\u00a0\u00bb width=\u00a0\u00bb1\/4&Prime; style=\u00a0\u00bbdefault\u00a0\u00bb visibility=\u00a0\u00bb\u00a0\u00bb css_animation=\u00a0\u00bb\u00a0\u00bb typo_style=\u00a0\u00bb\u00a0\u00bb drop_shadow=\u00a0\u00bb\u00a0\u00bb bg_style=\u00a0\u00bbstretch\u00a0\u00bb border_style=\u00a0\u00bb\u00a0\u00bb border_color=\u00a0\u00bb\u00a0\u00bb][vcex_icon_box visibility=\u00a0\u00bb\u00a0\u00bb css_animation=\u00a0\u00bb\u00a0\u00bb hover_animation=\u00a0\u00bbpush\u00a0\u00bb style=\u00a0\u00bbtwo\u00a0\u00bb alignment=\u00a0\u00bb\u00a0\u00bb heading=\u00a0\u00bbLarge r\u00e9seau de distribution\u00a0\u00bb heading_type=\u00a0\u00bbh2&Prime; heading_weight=\u00a0\u00bb\u00a0\u00bb heading_transform=\u00a0\u00bb\u00a0\u00bb icon_type=\u00a0\u00bbfontawesome\u00a0\u00bb icon=\u00a0\u00bbfa fa-share-alt\u00a0\u00bb url_target=\u00a0\u00bb\u00a0\u00bb url_rel=\u00a0\u00bb\u00a0\u00bb url_wrap=\u00a0\u00bb\u00a0\u00bb hover_white_text=\u00a0\u00bb\u00a0\u00bb icon_size=\u00a0\u00bb42px\u00a0\u00bb]\n<p style=\"text-align: justify;\"><span style=\"color: #000080;\"><strong>INSFRI\u00a0<\/strong><\/span>dispose d\u2019une importante\u00a0pr\u00e9sence sur le march\u00e9, gr\u00e2ce \u00e0 sa collaboration avec un vaste r\u00e9seau de distributeurs qui commercialisent ses\u00a0produits aux niveaux national et international.<\/p>\n[\/vcex_icon_box][\/vc_column_inner][\/vc_row_inner][\/vc_column][\/vc_row]\n<\/section>","protected":false},"excerpt":{"rendered":"<p>[vc_row full_width=\u00a0\u00bb\u00a0\u00bb parallax_image=\u00a0\u00bb\u00a0\u00bb visibility=\u00a0\u00bb\u00a0\u00bb css_animation=\u00a0\u00bb\u00a0\u00bb center_row=\u00a0\u00bbyes\u00a0\u00bb typography_style=\u00a0\u00bb\u00a0\u00bb column_spacing=\u00a0\u00bb\u00a0\u00bb tablet_fullwidth_cols=\u00a0\u00bb\u00a0\u00bb bg_style=\u00a0\u00bb\u00a0\u00bb parallax=\u00a0\u00bb\u00a0\u00bb parallax_mobile=\u00a0\u00bb\u00a0\u00bb parallax_style=\u00a0\u00bb\u00a0\u00bb parallax_direction=\u00a0\u00bb\u00a0\u00bb video_bg=\u00a0\u00bb\u00a0\u00bb video_bg_overlay=\u00a0\u00bb\u00a0\u00bb border_style=\u00a0\u00bb\u00a0\u00bb margin_top=\u00a0\u00bb45px\u00a0\u00bb margin_bottom=\u00a0\u00bb25px\u00a0\u00bb][vc_column width=\u00a0\u00bb1\/1&Prime; style=\u00a0\u00bb\u00a0\u00bb visibility=\u00a0\u00bb\u00a0\u00bb css_animation=\u00a0\u00bb\u00a0\u00bb typo_style=\u00a0\u00bb\u00a0\u00bb drop_shadow=\u00a0\u00bb\u00a0\u00bb bg_style=\u00a0\u00bb\u00a0\u00bb border_style=\u00a0\u00bb\u00a0\u00bb][vc_column_text css_animation=\u00a0\u00bb\u00a0\u00bb] \u00c9vaporateurs et Condenseurs pour R\u00e9frig\u00e9ration\u00a0Industrielle et Commerciale INSFRI,\u00a0sp\u00e9cialis\u00e9e dans le design et&hellip;<\/p>\n","protected":false},"author":1,"featured_media":0,"parent":0,"menu_order":0,"comment_status":"closed","ping_status":"closed","template":"","meta":[],"yoast_head":"<!-- This site is optimized with the Yoast SEO plugin v20.5 - https:\/\/yoast.com\/wordpress\/plugins\/seo\/ -->\n<title>Insfri - \u00c9vaporateurs et Condenseurs pour R\u00e9frig\u00e9ration<\/title>\n<meta name=\"robots\" content=\"index, follow, max-snippet:-1, max-image-preview:large, max-video-preview:-1\" \/>\n<link rel=\"canonical\" href=\"https:\/\/www.insfri.com\/fr\/\" \/>\n<meta property=\"og:locale\" content=\"fr_FR\" \/>\n<meta property=\"og:type\" content=\"article\" \/>\n<meta property=\"og:title\" content=\"Insfri - \u00c9vaporateurs et Condenseurs pour R\u00e9frig\u00e9ration\" \/>\n<meta property=\"og:description\" content=\"[vc_row full_width=\u00a0\u00bb\u00a0\u00bb parallax_image=\u00a0\u00bb\u00a0\u00bb visibility=\u00a0\u00bb\u00a0\u00bb css_animation=\u00a0\u00bb\u00a0\u00bb center_row=\u00a0\u00bbyes\u00a0\u00bb typography_style=\u00a0\u00bb\u00a0\u00bb column_spacing=\u00a0\u00bb\u00a0\u00bb tablet_fullwidth_cols=\u00a0\u00bb\u00a0\u00bb bg_style=\u00a0\u00bb\u00a0\u00bb parallax=\u00a0\u00bb\u00a0\u00bb parallax_mobile=\u00a0\u00bb\u00a0\u00bb parallax_style=\u00a0\u00bb\u00a0\u00bb parallax_direction=\u00a0\u00bb\u00a0\u00bb video_bg=\u00a0\u00bb\u00a0\u00bb video_bg_overlay=\u00a0\u00bb\u00a0\u00bb border_style=\u00a0\u00bb\u00a0\u00bb margin_top=\u00a0\u00bb45px\u00a0\u00bb margin_bottom=\u00a0\u00bb25px\u00a0\u00bb][vc_column width=\u00a0\u00bb1\/1&Prime; style=\u00a0\u00bb\u00a0\u00bb visibility=\u00a0\u00bb\u00a0\u00bb css_animation=\u00a0\u00bb\u00a0\u00bb typo_style=\u00a0\u00bb\u00a0\u00bb drop_shadow=\u00a0\u00bb\u00a0\u00bb bg_style=\u00a0\u00bb\u00a0\u00bb border_style=\u00a0\u00bb\u00a0\u00bb][vc_column_text css_animation=\u00a0\u00bb\u00a0\u00bb] \u00c9vaporateurs et Condenseurs pour R\u00e9frig\u00e9ration\u00a0Industrielle et Commerciale INSFRI,\u00a0sp\u00e9cialis\u00e9e dans le design et&hellip;\" \/>\n<meta property=\"og:url\" content=\"https:\/\/www.insfri.com\/fr\/\" \/>\n<meta property=\"og:site_name\" content=\"Insfri Refrigeraci\u00f3n Industrial\" \/>\n<meta property=\"article:modified_time\" content=\"2023-03-21T07:51:40+00:00\" \/>\n<meta property=\"og:image\" content=\"http:\/\/insfri.com\/wp-content\/uploads\/2014\/01\/insfri-condensadores-300x179.png\" \/>\n<meta name=\"twitter:card\" content=\"summary_large_image\" \/>\n<meta name=\"twitter:label1\" content=\"Dur\u00e9e de lecture estim\u00e9e\" \/>\n\t<meta name=\"twitter:data1\" content=\"9 minutes\" \/>\n<script type=\"application\/ld+json\" class=\"yoast-schema-graph\">{\"@context\":\"https:\/\/schema.org\",\"@graph\":[{\"@type\":\"WebPage\",\"@id\":\"https:\/\/www.insfri.com\/fr\/\",\"url\":\"https:\/\/www.insfri.com\/fr\/\",\"name\":\"Insfri - \u00c9vaporateurs et Condenseurs pour R\u00e9frig\u00e9ration\",\"isPartOf\":{\"@id\":\"https:\/\/www.insfri.com\/fr\/#website\"},\"datePublished\":\"2015-10-08T07:15:24+00:00\",\"dateModified\":\"2023-03-21T07:51:40+00:00\",\"breadcrumb\":{\"@id\":\"https:\/\/www.insfri.com\/fr\/#breadcrumb\"},\"inLanguage\":\"fr-FR\",\"potentialAction\":[{\"@type\":\"ReadAction\",\"target\":[\"https:\/\/www.insfri.com\/fr\/\"]}]},{\"@type\":\"BreadcrumbList\",\"@id\":\"https:\/\/www.insfri.com\/fr\/#breadcrumb\",\"itemListElement\":[{\"@type\":\"ListItem\",\"position\":1,\"name\":\"Portada\",\"item\":\"https:\/\/www.insfri.com\/fr\/\"},{\"@type\":\"ListItem\",\"position\":2,\"name\":\"Accueil\"}]},{\"@type\":\"WebSite\",\"@id\":\"https:\/\/www.insfri.com\/fr\/#website\",\"url\":\"https:\/\/www.insfri.com\/fr\/\",\"name\":\"Insfri Refrigeraci\u00f3n Industrial\",\"description\":\"Otro sitio realizado con WordPress\",\"publisher\":{\"@id\":\"https:\/\/www.insfri.com\/fr\/#organization\"},\"potentialAction\":[{\"@type\":\"SearchAction\",\"target\":{\"@type\":\"EntryPoint\",\"urlTemplate\":\"https:\/\/www.insfri.com\/fr\/?s={search_term_string}\"},\"query-input\":\"required name=search_term_string\"}],\"inLanguage\":\"fr-FR\"},{\"@type\":\"Organization\",\"@id\":\"https:\/\/www.insfri.com\/fr\/#organization\",\"name\":\"Insfri Refrigeraci\u00f3n Industrial\",\"url\":\"https:\/\/www.insfri.com\/fr\/\",\"logo\":{\"@type\":\"ImageObject\",\"inLanguage\":\"fr-FR\",\"@id\":\"https:\/\/www.insfri.com\/fr\/#\/schema\/logo\/image\/\",\"url\":\"\",\"contentUrl\":\"\",\"caption\":\"Insfri Refrigeraci\u00f3n Industrial\"},\"image\":{\"@id\":\"https:\/\/www.insfri.com\/fr\/#\/schema\/logo\/image\/\"}}]}<\/script>\n<!-- \/ Yoast SEO plugin. -->","yoast_head_json":{"title":"Insfri - \u00c9vaporateurs et Condenseurs pour R\u00e9frig\u00e9ration","robots":{"index":"index","follow":"follow","max-snippet":"max-snippet:-1","max-image-preview":"max-image-preview:large","max-video-preview":"max-video-preview:-1"},"canonical":"https:\/\/www.insfri.com\/fr\/","og_locale":"fr_FR","og_type":"article","og_title":"Insfri - \u00c9vaporateurs et Condenseurs pour R\u00e9frig\u00e9ration","og_description":"[vc_row full_width=\u00a0\u00bb\u00a0\u00bb parallax_image=\u00a0\u00bb\u00a0\u00bb visibility=\u00a0\u00bb\u00a0\u00bb css_animation=\u00a0\u00bb\u00a0\u00bb center_row=\u00a0\u00bbyes\u00a0\u00bb typography_style=\u00a0\u00bb\u00a0\u00bb column_spacing=\u00a0\u00bb\u00a0\u00bb tablet_fullwidth_cols=\u00a0\u00bb\u00a0\u00bb bg_style=\u00a0\u00bb\u00a0\u00bb parallax=\u00a0\u00bb\u00a0\u00bb parallax_mobile=\u00a0\u00bb\u00a0\u00bb parallax_style=\u00a0\u00bb\u00a0\u00bb parallax_direction=\u00a0\u00bb\u00a0\u00bb video_bg=\u00a0\u00bb\u00a0\u00bb video_bg_overlay=\u00a0\u00bb\u00a0\u00bb border_style=\u00a0\u00bb\u00a0\u00bb margin_top=\u00a0\u00bb45px\u00a0\u00bb margin_bottom=\u00a0\u00bb25px\u00a0\u00bb][vc_column width=\u00a0\u00bb1\/1&Prime; style=\u00a0\u00bb\u00a0\u00bb visibility=\u00a0\u00bb\u00a0\u00bb css_animation=\u00a0\u00bb\u00a0\u00bb typo_style=\u00a0\u00bb\u00a0\u00bb drop_shadow=\u00a0\u00bb\u00a0\u00bb bg_style=\u00a0\u00bb\u00a0\u00bb border_style=\u00a0\u00bb\u00a0\u00bb][vc_column_text css_animation=\u00a0\u00bb\u00a0\u00bb] \u00c9vaporateurs et Condenseurs pour R\u00e9frig\u00e9ration\u00a0Industrielle et Commerciale INSFRI,\u00a0sp\u00e9cialis\u00e9e dans le design et&hellip;","og_url":"https:\/\/www.insfri.com\/fr\/","og_site_name":"Insfri Refrigeraci\u00f3n Industrial","article_modified_time":"2023-03-21T07:51:40+00:00","og_image":[{"url":"http:\/\/insfri.com\/wp-content\/uploads\/2014\/01\/insfri-condensadores-300x179.png"}],"twitter_card":"summary_large_image","twitter_misc":{"Dur\u00e9e de lecture estim\u00e9e":"9 minutes"},"schema":{"@context":"https:\/\/schema.org","@graph":[{"@type":"WebPage","@id":"https:\/\/www.insfri.com\/fr\/","url":"https:\/\/www.insfri.com\/fr\/","name":"Insfri - \u00c9vaporateurs et Condenseurs pour R\u00e9frig\u00e9ration","isPartOf":{"@id":"https:\/\/www.insfri.com\/fr\/#website"},"datePublished":"2015-10-08T07:15:24+00:00","dateModified":"2023-03-21T07:51:40+00:00","breadcrumb":{"@id":"https:\/\/www.insfri.com\/fr\/#breadcrumb"},"inLanguage":"fr-FR","potentialAction":[{"@type":"ReadAction","target":["https:\/\/www.insfri.com\/fr\/"]}]},{"@type":"BreadcrumbList","@id":"https:\/\/www.insfri.com\/fr\/#breadcrumb","itemListElement":[{"@type":"ListItem","position":1,"name":"Portada","item":"https:\/\/www.insfri.com\/fr\/"},{"@type":"ListItem","position":2,"name":"Accueil"}]},{"@type":"WebSite","@id":"https:\/\/www.insfri.com\/fr\/#website","url":"https:\/\/www.insfri.com\/fr\/","name":"Insfri Refrigeraci\u00f3n Industrial","description":"Otro sitio realizado con WordPress","publisher":{"@id":"https:\/\/www.insfri.com\/fr\/#organization"},"potentialAction":[{"@type":"SearchAction","target":{"@type":"EntryPoint","urlTemplate":"https:\/\/www.insfri.com\/fr\/?s={search_term_string}"},"query-input":"required name=search_term_string"}],"inLanguage":"fr-FR"},{"@type":"Organization","@id":"https:\/\/www.insfri.com\/fr\/#organization","name":"Insfri Refrigeraci\u00f3n Industrial","url":"https:\/\/www.insfri.com\/fr\/","logo":{"@type":"ImageObject","inLanguage":"fr-FR","@id":"https:\/\/www.insfri.com\/fr\/#\/schema\/logo\/image\/","url":"","contentUrl":"","caption":"Insfri Refrigeraci\u00f3n Industrial"},"image":{"@id":"https:\/\/www.insfri.com\/fr\/#\/schema\/logo\/image\/"}}]}},"_links":{"self":[{"href":"https:\/\/www.insfri.com\/fr\/wp-json\/wp\/v2\/pages\/5240"}],"collection":[{"href":"https:\/\/www.insfri.com\/fr\/wp-json\/wp\/v2\/pages"}],"about":[{"href":"https:\/\/www.insfri.com\/fr\/wp-json\/wp\/v2\/types\/page"}],"author":[{"embeddable":true,"href":"https:\/\/www.insfri.com\/fr\/wp-json\/wp\/v2\/users\/1"}],"replies":[{"embeddable":true,"href":"https:\/\/www.insfri.com\/fr\/wp-json\/wp\/v2\/comments?post=5240"}],"version-history":[{"count":10,"href":"https:\/\/www.insfri.com\/fr\/wp-json\/wp\/v2\/pages\/5240\/revisions"}],"predecessor-version":[{"id":5700,"href":"https:\/\/www.insfri.com\/fr\/wp-json\/wp\/v2\/pages\/5240\/revisions\/5700"}],"wp:attachment":[{"href":"https:\/\/www.insfri.com\/fr\/wp-json\/wp\/v2\/media?parent=5240"}],"curies":[{"name":"wp","href":"https:\/\/api.w.org\/{rel}","templated":true}]}}